{"id":5118,"date":"2025-01-23T10:57:13","date_gmt":"2025-01-23T09:57:13","guid":{"rendered":"https:\/\/gebirgsverein1880ev.de\/pokaz-kopalnie\/"},"modified":"2025-01-26T10:32:07","modified_gmt":"2025-01-26T09:32:07","slug":"pokaz-kopalnie","status":"publish","type":"page","link":"https:\/\/gebirgsverein1880ev.de\/pl\/pokaz-kopalnie\/","title":{"rendered":"Poka\u017c kopalni\u0119"},"content":{"rendered":"\t\t<div data-elementor-type=\"wp-page\" data-elementor-id=\"5118\" class=\"elementor elementor-5118 elementor-4457\">\n\t\t\t\t<div class=\"elementor-element elementor-element-02c7aee e-flex e-con-boxed e-con e-parent\" data-id=\"02c7aee\" data-element_type=\"container\" data-settings=\"{&quot;background_background&quot;:&quot;classic&quot;}\">\n\t\t\t\t\t<div class=\"e-con-inner\">\n\t\t\t\t<div class=\"elementor-element elementor-element-a48a642 elementor-hidden-mobile elementor-widget elementor-widget-heading\" data-id=\"a48a642\" data-element_type=\"widget\" data-widget_type=\"heading.default\">\n\t\t\t\t<div class=\"elementor-widget-container\">\n\t\t\t\t\t<h1 class=\"elementor-heading-title elementor-size-default\">Poka\u017c kopalni\u0119<\/h1>\t\t\t\t<\/div>\n\t\t\t\t<\/div>\n\t\t\t\t<div class=\"elementor-element elementor-element-9027495 elementor-hidden-desktop elementor-hidden-tablet elementor-widget elementor-widget-heading\" data-id=\"9027495\" data-element_type=\"widget\" data-widget_type=\"heading.default\">\n\t\t\t\t<div class=\"elementor-widget-container\">\n\t\t\t\t\t<h1 class=\"elementor-heading-title elementor-size-default\">Poka\u017c kopalni\u0119<\/h1>\t\t\t\t<\/div>\n\t\t\t\t<\/div>\n\t\t\t\t\t<\/div>\n\t\t\t\t<\/div>\n\t\t<div class=\"elementor-element elementor-element-87da266 e-flex e-con-boxed e-con e-parent\" data-id=\"87da266\" data-element_type=\"container\" data-settings=\"{&quot;background_background&quot;:&quot;classic&quot;}\">\n\t\t\t\t\t<div class=\"e-con-inner\">\n\t\t<div class=\"elementor-element elementor-element-70b3127 e-con-full e-flex e-con e-child\" data-id=\"70b3127\" data-element_type=\"container\">\n\t\t\t\t<div class=\"elementor-element elementor-element-17b0c2c elementor-widget elementor-widget-heading\" data-id=\"17b0c2c\" data-element_type=\"widget\" data-widget_type=\"heading.default\">\n\t\t\t\t<div class=\"elementor-widget-container\">\n\t\t\t\t\t<h2 class=\"elementor-heading-title elementor-size-default\">Kopalnia pokazowa<\/h2>\t\t\t\t<\/div>\n\t\t\t\t<\/div>\n\t\t\t\t<div class=\"elementor-element elementor-element-4ce1745 elementor-widget elementor-widget-text-editor\" data-id=\"4ce1745\" data-element_type=\"widget\" data-widget_type=\"text-editor.default\">\n\t\t\t\t<div class=\"elementor-widget-container\">\n\t\t\t\t\t\t\t\t\t<p>znajduje si\u0119 na obszarze kamienio\u0142om\u00f3w m\u0142y\u0144skich Jonsdorf w G\u00f3rach \u017bytawskich, dawniej zwanych Grzbietem \u0141u\u017cyckim. Jest to niemiecka cz\u0119\u015b\u0107 G\u00f3r \u0141u\u017cyckich rozci\u0105gaj\u0105ca si\u0119 wzd\u0142u\u017c granicy sakso\u0144sko-czeskiej w skrajnie po\u0142udniowo-wschodniej cz\u0119\u015bci Saksonii. Ma maksymaln\u0105 wysoko\u015b\u0107 792,6 metr\u00f3w nad poziomem morza (Lausche), jest cz\u0119\u015bci\u0105 Sudet\u00f3w i jest najmniejszym (i najpi\u0119kniejszym) pasmem g\u00f3rskim w Niemczech.     <\/p>\n<\/p>\n<p>Miejscowo\u015b\u0107 uzdrowiskowa Jonsdorf po\u0142o\u017cona jest w centrum G\u00f3r \u017bytawskich, kt\u00f3re sk\u0142adaj\u0105 si\u0119 z piaskowcowych klif\u00f3w i wulkanicznych ska\u0142 magmowych. Miasto uzdrowiskowe by\u0142o i nadal jest bardzo popularnym rajem wakacyjnym. <\/p>\n\t\t\t\t\t\t\t\t<\/div>\n\t\t\t\t<\/div>\n\t\t\t\t<div class=\"elementor-element elementor-element-c8fbbbd elementor-align-left elementor-mobile-align-justify elementor-widget-mobile__width-inherit elementor-widget-tablet__width-auto elementor-tablet-align-left elementor-widget elementor-widget-button\" data-id=\"c8fbbbd\" data-element_type=\"widget\" data-widget_type=\"button.default\">\n\t\t\t\t<div class=\"elementor-widget-container\">\n\t\t\t\t\t\t\t\t\t<div class=\"elementor-button-wrapper\">\n\t\t\t\t\t<a class=\"elementor-button elementor-button-link elementor-size-sm\" href=\"#przewodniki\">\n\t\t\t\t\t\t<span class=\"elementor-button-content-wrapper\">\n\t\t\t\t\t\t\t\t\t<span class=\"elementor-button-text\">Wi\u0119cej informacji o wycieczkach z przewodnikiem<\/span>\n\t\t\t\t\t<\/span>\n\t\t\t\t\t<\/a>\n\t\t\t\t<\/div>\n\t\t\t\t\t\t\t\t<\/div>\n\t\t\t\t<\/div>\n\t\t\t\t<\/div>\n\t\t<div class=\"elementor-element elementor-element-4a435f6 e-con-full e-flex e-con e-child\" data-id=\"4a435f6\" data-element_type=\"container\">\n\t\t\t\t<div class=\"elementor-element elementor-element-00409f9 elementor-widget elementor-widget-image\" data-id=\"00409f9\" data-element_type=\"widget\" data-widget_type=\"image.default\">\n\t\t\t\t<div class=\"elementor-widget-container\">\n\t\t\t\t\t\t\t\t\t\t\t\t\t\t\t\t<a href=\"https:\/\/gebirgsverein1880ev.de\/wp-content\/uploads\/gebiet-muehlsteinbrueche-jonsdorf-landkarte.jpg\">\n\t\t\t\t\t\t\t<img fetchpriority=\"high\" decoding=\"async\" width=\"950\" height=\"912\" src=\"https:\/\/gebirgsverein1880ev.de\/wp-content\/uploads\/gebiet-muehlsteinbrueche-jonsdorf-landkarte-cut.jpg\" class=\"attachment-large size-large wp-image-4951\" alt=\"\" srcset=\"https:\/\/gebirgsverein1880ev.de\/wp-content\/uploads\/gebiet-muehlsteinbrueche-jonsdorf-landkarte-cut.jpg 950w, https:\/\/gebirgsverein1880ev.de\/wp-content\/uploads\/gebiet-muehlsteinbrueche-jonsdorf-landkarte-cut-300x288.jpg 300w, https:\/\/gebirgsverein1880ev.de\/wp-content\/uploads\/gebiet-muehlsteinbrueche-jonsdorf-landkarte-cut-768x737.jpg 768w\" sizes=\"(max-width: 950px) 100vw, 950px\" \/>\t\t\t\t\t\t\t\t<\/a>\n\t\t\t\t\t\t\t\t\t\t\t\t\t\t\t<\/div>\n\t\t\t\t<\/div>\n\t\t\t\t<\/div>\n\t\t\t\t\t<\/div>\n\t\t\t\t<\/div>\n\t\t<div class=\"elementor-element elementor-element-e230559 e-flex e-con-boxed e-con e-parent\" data-id=\"e230559\" data-element_type=\"container\" data-settings=\"{&quot;background_background&quot;:&quot;classic&quot;}\">\n\t\t\t\t\t<div class=\"e-con-inner\">\n\t\t<div class=\"elementor-element elementor-element-1e24d78 e-con-full e-flex e-con e-child\" data-id=\"1e24d78\" data-element_type=\"container\">\n\t\t\t\t<div class=\"elementor-element elementor-element-73a1494 elementor-widget elementor-widget-heading\" data-id=\"73a1494\" data-element_type=\"widget\" data-widget_type=\"heading.default\">\n\t\t\t\t<div class=\"elementor-widget-container\">\n\t\t\t\t\t<h2 class=\"elementor-heading-title elementor-size-default\">Kamienio\u0142omy m\u0142y\u0144skie w Jonsdorf<\/h2>\t\t\t\t<\/div>\n\t\t\t\t<\/div>\n\t\t\t\t<div class=\"elementor-element elementor-element-eedd270 elementor-widget elementor-widget-text-editor\" data-id=\"eedd270\" data-element_type=\"widget\" data-widget_type=\"text-editor.default\">\n\t\t\t\t<div class=\"elementor-widget-container\">\n\t\t\t\t\t\t\t\t\t<p><strong>Kamienio\u0142omy m\u0142y\u0144skie Jonsdorf<\/strong> znajduj\u0105 si\u0119 na po\u0142udnie od miejscowo\u015bci Jonsdorf. Zajmuj\u0105 powierzchni\u0119 oko\u0142o 35 hektar\u00f3w. Znajduj\u0105 si\u0119 tam 4 kamienio\u0142omy, kt\u00f3re by\u0142y rozwijane na przestrzeni czasu i dzia\u0142a\u0142y do 1918 roku. W 1560 r. miejscowy s\u0119dzia Hieronymus Richter i jego dwaj synowie odkryli szczeg\u00f3ln\u0105 przydatno\u015b\u0107 piaskowca z Jonsdorf do produkcji kamieni m\u0142y\u0144skich. W 1580 r. rozpocz\u0119to wydobycie i produkcj\u0119 kamieni m\u0142y\u0144skich. Przez ponad 300 lat wydobywano piaskowiec do produkcji kamieni m\u0142y\u0144skich. Czasami w kamienio\u0142omie zatrudniano do 90 pracownik\u00f3w.      <\/p>\n\t\t\t\t\t\t\t\t<\/div>\n\t\t\t\t<\/div>\n\t\t\t\t<div class=\"elementor-element elementor-element-1076a81 elementor-widget elementor-widget-text-editor\" data-id=\"1076a81\" data-element_type=\"widget\" data-widget_type=\"text-editor.default\">\n\t\t\t\t<div class=\"elementor-widget-container\">\n\t\t\t\t\t\t\t\t\t<p><strong>Kamienie m\u0142y\u0144skie Jonsdorf<\/strong> cieszy\u0142y si\u0119 du\u017cym popytem i by\u0142y eksportowane do Rosji i Anglii. Produkowano kompletne i gotowe do u\u017cycia kamienie m\u0142y\u0144skie, od \u0142upania w skale po gotow\u0105 wysy\u0142k\u0119. Produkcja kamieni m\u0142y\u0144skich zosta\u0142a zako\u0144czona w 1918 roku.  <\/p>\n\t\t\t\t\t\t\t\t<\/div>\n\t\t\t\t<\/div>\n\t\t\t\t<div class=\"elementor-element elementor-element-fe5689a elementor-widget elementor-widget-image\" data-id=\"fe5689a\" data-element_type=\"widget\" data-widget_type=\"image.default\">\n\t\t\t\t<div class=\"elementor-widget-container\">\n\t\t\t\t\t\t\t\t\t\t\t\t<figure class=\"wp-caption\">\n\t\t\t\t\t\t\t\t\t\t<img decoding=\"async\" width=\"103\" height=\"120\" src=\"https:\/\/gebirgsverein1880ev.de\/wp-content\/uploads\/10_LogoMuehlsteinbrueche.jpg\" class=\"attachment-medium size-medium wp-image-4957\" alt=\"\" \/>\t\t\t\t\t\t\t\t\t\t\t<figcaption class=\"widget-image-caption wp-caption-text\">Kamienio\u0142omy m\u0142y\u0144skie w Jonsdorf<\/figcaption>\n\t\t\t\t\t\t\t\t\t\t<\/figure>\n\t\t\t\t\t\t\t\t\t<\/div>\n\t\t\t\t<\/div>\n\t\t\t\t<\/div>\n\t\t<div class=\"elementor-element elementor-element-15fb6e0 e-con-full e-flex e-con e-child\" data-id=\"15fb6e0\" data-element_type=\"container\">\n\t\t\t\t<div class=\"elementor-element elementor-element-d3611b3 elementor-widget elementor-widget-image-gallery\" data-id=\"d3611b3\" data-element_type=\"widget\" data-widget_type=\"image-gallery.default\">\n\t\t\t\t<div class=\"elementor-widget-container\">\n\t\t\t\t\t\t\t<div class=\"elementor-image-gallery\">\n\t\t\t<div id='gallery-1' class='gallery galleryid-5118 gallery-columns-1 gallery-size-2048x2048'><figure class='gallery-item'>\n\t\t\t<div class='gallery-icon portrait'>\n\t\t\t\t<a data-elementor-open-lightbox=\"yes\" data-elementor-lightbox-slideshow=\"d3611b3\" data-elementor-lightbox-title=\"Schmiede im Herbst\" data-e-action-hash=\"#elementor-action%3Aaction%3Dlightbox%26settings%3DeyJpZCI6NDk2MCwidXJsIjoiaHR0cHM6XC9cL2dlYmlyZ3N2ZXJlaW4xODgwZXYuZGVcL3dwLWNvbnRlbnRcL3VwbG9hZHNcL1NjaG1pZWRlLWltLUhlcmJzdC5qcGciLCJzbGlkZXNob3ciOiJkMzYxMWIzIn0%3D\" href='https:\/\/gebirgsverein1880ev.de\/wp-content\/uploads\/Schmiede-im-Herbst.jpg'><img decoding=\"async\" width=\"319\" height=\"425\" src=\"https:\/\/gebirgsverein1880ev.de\/wp-content\/uploads\/Schmiede-im-Herbst.jpg\" class=\"attachment-2048x2048 size-2048x2048\" alt=\"\" aria-describedby=\"gallery-1-4960\" srcset=\"https:\/\/gebirgsverein1880ev.de\/wp-content\/uploads\/Schmiede-im-Herbst.jpg 319w, https:\/\/gebirgsverein1880ev.de\/wp-content\/uploads\/Schmiede-im-Herbst-225x300.jpg 225w\" sizes=\"(max-width: 319px) 100vw, 319px\" \/><\/a>\n\t\t\t<\/div>\n\t\t\t\t<figcaption class='wp-caption-text gallery-caption' id='gallery-1-4960'>\n\t\t\t\tSchmiede im Herbst\n\t\t\t\t<\/figcaption><\/figure>\n\t\t<\/div>\n\t\t<\/div>\n\t\t\t\t\t\t<\/div>\n\t\t\t\t<\/div>\n\t\t\t\t<div class=\"elementor-element elementor-element-d34d80e gallery-spacing-custom elementor-widget elementor-widget-image-gallery\" data-id=\"d34d80e\" data-element_type=\"widget\" data-widget_type=\"image-gallery.default\">\n\t\t\t\t<div class=\"elementor-widget-container\">\n\t\t\t\t\t\t\t<div class=\"elementor-image-gallery\">\n\t\t\t<div id='gallery-2' class='gallery galleryid-5118 gallery-columns-2 gallery-size-medium_large'><figure class='gallery-item'>\n\t\t\t<div class='gallery-icon landscape'>\n\t\t\t\t<a data-elementor-open-lightbox=\"yes\" data-elementor-lightbox-slideshow=\"d34d80e\" data-elementor-lightbox-title=\"F\u00fchrung in der Schmiede\" data-e-action-hash=\"#elementor-action%3Aaction%3Dlightbox%26settings%3DeyJpZCI6NDk3NSwidXJsIjoiaHR0cHM6XC9cL2dlYmlyZ3N2ZXJlaW4xODgwZXYuZGVcL3dwLWNvbnRlbnRcL3VwbG9hZHNcL3N0ZWluYnJ1Y2hzY2htaWVkZS1HYWVzdGUtc2NhbGVkLTEuanBnIiwic2xpZGVzaG93IjoiZDM0ZDgwZSJ9\" href='https:\/\/gebirgsverein1880ev.de\/wp-content\/uploads\/steinbruchschmiede-Gaeste-scaled-1.jpg'><img loading=\"lazy\" decoding=\"async\" width=\"768\" height=\"432\" src=\"https:\/\/gebirgsverein1880ev.de\/wp-content\/uploads\/steinbruchschmiede-Gaeste-scaled-1-768x432.jpg\" class=\"attachment-medium_large size-medium_large\" alt=\"\" aria-describedby=\"gallery-2-4975\" srcset=\"https:\/\/gebirgsverein1880ev.de\/wp-content\/uploads\/steinbruchschmiede-Gaeste-scaled-1-768x432.jpg 768w, https:\/\/gebirgsverein1880ev.de\/wp-content\/uploads\/steinbruchschmiede-Gaeste-scaled-1-300x169.jpg 300w, https:\/\/gebirgsverein1880ev.de\/wp-content\/uploads\/steinbruchschmiede-Gaeste-scaled-1-1024x576.jpg 1024w, https:\/\/gebirgsverein1880ev.de\/wp-content\/uploads\/steinbruchschmiede-Gaeste-scaled-1-1536x864.jpg 1536w, https:\/\/gebirgsverein1880ev.de\/wp-content\/uploads\/steinbruchschmiede-Gaeste-scaled-1-2048x1152.jpg 2048w\" sizes=\"(max-width: 768px) 100vw, 768px\" \/><\/a>\n\t\t\t<\/div>\n\t\t\t\t<figcaption class='wp-caption-text gallery-caption' id='gallery-2-4975'>\n\t\t\t\tF\u00fchrung in der Schmiede\n\t\t\t\t<\/figcaption><\/figure><figure class='gallery-item'>\n\t\t\t<div class='gallery-icon landscape'>\n\t\t\t\t<a data-elementor-open-lightbox=\"yes\" data-elementor-lightbox-slideshow=\"d34d80e\" data-elementor-lightbox-title=\"F\u00fchrung in der Schmiede\" data-e-action-hash=\"#elementor-action%3Aaction%3Dlightbox%26settings%3DeyJpZCI6NDk3OCwidXJsIjoiaHR0cHM6XC9cL2dlYmlyZ3N2ZXJlaW4xODgwZXYuZGVcL3dwLWNvbnRlbnRcL3VwbG9hZHNcL1N0ZWluYnJ1Y2hzY2htaWVkZS1pbm5lbi0zLXNjYWxlZC0xLmpwZyIsInNsaWRlc2hvdyI6ImQzNGQ4MGUifQ%3D%3D\" href='https:\/\/gebirgsverein1880ev.de\/wp-content\/uploads\/Steinbruchschmiede-innen-3-scaled-1.jpg'><img loading=\"lazy\" decoding=\"async\" width=\"768\" height=\"432\" src=\"https:\/\/gebirgsverein1880ev.de\/wp-content\/uploads\/Steinbruchschmiede-innen-3-scaled-1-768x432.jpg\" class=\"attachment-medium_large size-medium_large\" alt=\"\" aria-describedby=\"gallery-2-4978\" srcset=\"https:\/\/gebirgsverein1880ev.de\/wp-content\/uploads\/Steinbruchschmiede-innen-3-scaled-1-768x432.jpg 768w, https:\/\/gebirgsverein1880ev.de\/wp-content\/uploads\/Steinbruchschmiede-innen-3-scaled-1-300x169.jpg 300w, https:\/\/gebirgsverein1880ev.de\/wp-content\/uploads\/Steinbruchschmiede-innen-3-scaled-1-1024x576.jpg 1024w, https:\/\/gebirgsverein1880ev.de\/wp-content\/uploads\/Steinbruchschmiede-innen-3-scaled-1-1536x864.jpg 1536w, https:\/\/gebirgsverein1880ev.de\/wp-content\/uploads\/Steinbruchschmiede-innen-3-scaled-1-2048x1152.jpg 2048w\" sizes=\"(max-width: 768px) 100vw, 768px\" \/><\/a>\n\t\t\t<\/div>\n\t\t\t\t<figcaption class='wp-caption-text gallery-caption' id='gallery-2-4978'>\n\t\t\t\tSchmiede Heute\n\t\t\t\t<\/figcaption><\/figure><figure class='gallery-item'>\n\t\t\t<div class='gallery-icon landscape'>\n\t\t\t\t<a data-elementor-open-lightbox=\"yes\" data-elementor-lightbox-slideshow=\"d34d80e\" data-elementor-lightbox-title=\"F\u00fchrung in der Schmiede\" data-e-action-hash=\"#elementor-action%3Aaction%3Dlightbox%26settings%3DeyJpZCI6NDk2MywidXJsIjoiaHR0cHM6XC9cL2dlYmlyZ3N2ZXJlaW4xODgwZXYuZGVcL3dwLWNvbnRlbnRcL3VwbG9hZHNcL2pvbnNkb3JmZXItbXVlaGxlLXN0ZWluYnJ1ZWNoZS5qcGciLCJzbGlkZXNob3ciOiJkMzRkODBlIn0%3D\" href='https:\/\/gebirgsverein1880ev.de\/wp-content\/uploads\/jonsdorfer-muehle-steinbrueche.jpg'><img loading=\"lazy\" decoding=\"async\" width=\"504\" height=\"346\" src=\"https:\/\/gebirgsverein1880ev.de\/wp-content\/uploads\/jonsdorfer-muehle-steinbrueche.jpg\" class=\"attachment-medium_large size-medium_large\" alt=\"\" srcset=\"https:\/\/gebirgsverein1880ev.de\/wp-content\/uploads\/jonsdorfer-muehle-steinbrueche.jpg 504w, https:\/\/gebirgsverein1880ev.de\/wp-content\/uploads\/jonsdorfer-muehle-steinbrueche-300x206.jpg 300w\" sizes=\"(max-width: 504px) 100vw, 504px\" \/><\/a>\n\t\t\t<\/div><\/figure><figure class='gallery-item'>\n\t\t\t<div class='gallery-icon landscape'>\n\t\t\t\t<a data-elementor-open-lightbox=\"yes\" data-elementor-lightbox-slideshow=\"d34d80e\" data-elementor-lightbox-title=\"Historische Aufnahme\" data-e-action-hash=\"#elementor-action%3Aaction%3Dlightbox%26settings%3DeyJpZCI6NDk2NiwidXJsIjoiaHR0cHM6XC9cL2dlYmlyZ3N2ZXJlaW4xODgwZXYuZGVcL3dwLWNvbnRlbnRcL3VwbG9hZHNcL2pvbnNkb3JmZXItbXVlaGxlLXN0ZWluYnJ1ZWNoZS1iaWxkLTIuanBnIiwic2xpZGVzaG93IjoiZDM0ZDgwZSJ9\" href='https:\/\/gebirgsverein1880ev.de\/wp-content\/uploads\/jonsdorfer-muehle-steinbrueche-bild-2.jpg'><img loading=\"lazy\" decoding=\"async\" width=\"504\" height=\"346\" src=\"https:\/\/gebirgsverein1880ev.de\/wp-content\/uploads\/jonsdorfer-muehle-steinbrueche-bild-2.jpg\" class=\"attachment-medium_large size-medium_large\" alt=\"\" srcset=\"https:\/\/gebirgsverein1880ev.de\/wp-content\/uploads\/jonsdorfer-muehle-steinbrueche-bild-2.jpg 504w, https:\/\/gebirgsverein1880ev.de\/wp-content\/uploads\/jonsdorfer-muehle-steinbrueche-bild-2-300x206.jpg 300w\" sizes=\"(max-width: 504px) 100vw, 504px\" \/><\/a>\n\t\t\t<\/div><\/figure><figure class='gallery-item'>\n\t\t\t<div class='gallery-icon landscape'>\n\t\t\t\t<a data-elementor-open-lightbox=\"yes\" data-elementor-lightbox-slideshow=\"d34d80e\" data-elementor-lightbox-title=\"Historische Aufnahme\" data-e-action-hash=\"#elementor-action%3Aaction%3Dlightbox%26settings%3DeyJpZCI6NDk2OSwidXJsIjoiaHR0cHM6XC9cL2dlYmlyZ3N2ZXJlaW4xODgwZXYuZGVcL3dwLWNvbnRlbnRcL3VwbG9hZHNcL2pvbnNkb3JmZXItbXVlaGxlLXN0ZWluYnJ1ZWNoZS1iaWxkLTMuanBnIiwic2xpZGVzaG93IjoiZDM0ZDgwZSJ9\" href='https:\/\/gebirgsverein1880ev.de\/wp-content\/uploads\/jonsdorfer-muehle-steinbrueche-bild-3.jpg'><img loading=\"lazy\" decoding=\"async\" width=\"504\" height=\"346\" src=\"https:\/\/gebirgsverein1880ev.de\/wp-content\/uploads\/jonsdorfer-muehle-steinbrueche-bild-3.jpg\" class=\"attachment-medium_large size-medium_large\" alt=\"\" srcset=\"https:\/\/gebirgsverein1880ev.de\/wp-content\/uploads\/jonsdorfer-muehle-steinbrueche-bild-3.jpg 504w, https:\/\/gebirgsverein1880ev.de\/wp-content\/uploads\/jonsdorfer-muehle-steinbrueche-bild-3-300x206.jpg 300w\" sizes=\"(max-width: 504px) 100vw, 504px\" \/><\/a>\n\t\t\t<\/div><\/figure><figure class='gallery-item'>\n\t\t\t<div class='gallery-icon landscape'>\n\t\t\t\t<a data-elementor-open-lightbox=\"yes\" data-elementor-lightbox-slideshow=\"d34d80e\" data-elementor-lightbox-title=\"Historische Aufnahme\" data-e-action-hash=\"#elementor-action%3Aaction%3Dlightbox%26settings%3DeyJpZCI6NDk3MiwidXJsIjoiaHR0cHM6XC9cL2dlYmlyZ3N2ZXJlaW4xODgwZXYuZGVcL3dwLWNvbnRlbnRcL3VwbG9hZHNcL2pvbnNkb3JmZXItbXVlaGxlLXN0ZWluYnJ1ZWNoZS1iaWxkLTQuanBnIiwic2xpZGVzaG93IjoiZDM0ZDgwZSJ9\" href='https:\/\/gebirgsverein1880ev.de\/wp-content\/uploads\/jonsdorfer-muehle-steinbrueche-bild-4.jpg'><img loading=\"lazy\" decoding=\"async\" width=\"504\" height=\"346\" src=\"https:\/\/gebirgsverein1880ev.de\/wp-content\/uploads\/jonsdorfer-muehle-steinbrueche-bild-4.jpg\" class=\"attachment-medium_large size-medium_large\" alt=\"\" srcset=\"https:\/\/gebirgsverein1880ev.de\/wp-content\/uploads\/jonsdorfer-muehle-steinbrueche-bild-4.jpg 504w, https:\/\/gebirgsverein1880ev.de\/wp-content\/uploads\/jonsdorfer-muehle-steinbrueche-bild-4-300x206.jpg 300w\" sizes=\"(max-width: 504px) 100vw, 504px\" \/><\/a>\n\t\t\t<\/div><\/figure>\n\t\t<\/div>\n\t\t<\/div>\n\t\t\t\t\t\t<\/div>\n\t\t\t\t<\/div>\n\t\t\t\t<\/div>\n\t\t\t\t\t<\/div>\n\t\t\t\t<\/div>\n\t\t<div class=\"elementor-element elementor-element-53123ba e-flex e-con-boxed e-con e-parent\" data-id=\"53123ba\" data-element_type=\"container\" data-settings=\"{&quot;background_background&quot;:&quot;classic&quot;}\">\n\t\t\t\t\t<div class=\"e-con-inner\">\n\t\t<div class=\"elementor-element elementor-element-63c8087 e-con-full e-flex e-con e-child\" data-id=\"63c8087\" data-element_type=\"container\">\n\t\t\t\t<div class=\"elementor-element elementor-element-f4cf2de gallery-spacing-custom elementor-widget elementor-widget-image-gallery\" data-id=\"f4cf2de\" data-element_type=\"widget\" data-widget_type=\"image-gallery.default\">\n\t\t\t\t<div class=\"elementor-widget-container\">\n\t\t\t\t\t\t\t<div class=\"elementor-image-gallery\">\n\t\t\t<div id='gallery-3' class='gallery galleryid-5118 gallery-columns-1 gallery-size-full'><figure class='gallery-item'>\n\t\t\t<div class='gallery-icon landscape'>\n\t\t\t\t<a data-elementor-open-lightbox=\"yes\" data-elementor-lightbox-slideshow=\"f4cf2de\" data-e-action-hash=\"#elementor-action%3Aaction%3Dlightbox%26settings%3DeyJpZCI6NDk4MSwidXJsIjoiaHR0cHM6XC9cL2dlYmlyZ3N2ZXJlaW4xODgwZXYuZGVcL3dwLWNvbnRlbnRcL3VwbG9hZHNcL3NjaGF1YmVyZ3dlcmstMi5qcGciLCJzbGlkZXNob3ciOiJmNGNmMmRlIn0%3D\" href='https:\/\/gebirgsverein1880ev.de\/wp-content\/uploads\/schaubergwerk-2.jpg'><img loading=\"lazy\" decoding=\"async\" width=\"735\" height=\"495\" src=\"https:\/\/gebirgsverein1880ev.de\/wp-content\/uploads\/schaubergwerk-2.jpg\" class=\"attachment-full size-full\" alt=\"\" srcset=\"https:\/\/gebirgsverein1880ev.de\/wp-content\/uploads\/schaubergwerk-2.jpg 735w, https:\/\/gebirgsverein1880ev.de\/wp-content\/uploads\/schaubergwerk-2-300x202.jpg 300w\" sizes=\"(max-width: 735px) 100vw, 735px\" \/><\/a>\n\t\t\t<\/div><\/figure><figure class='gallery-item'>\n\t\t\t<div class='gallery-icon landscape'>\n\t\t\t\t<a data-elementor-open-lightbox=\"yes\" data-elementor-lightbox-slideshow=\"f4cf2de\" data-e-action-hash=\"#elementor-action%3Aaction%3Dlightbox%26settings%3DeyJpZCI6NDk4NywidXJsIjoiaHR0cHM6XC9cL2dlYmlyZ3N2ZXJlaW4xODgwZXYuZGVcL3dwLWNvbnRlbnRcL3VwbG9hZHNcL3NjaGF1YmVyZ3dlcmstYmlsZC0xLmpwZyIsInNsaWRlc2hvdyI6ImY0Y2YyZGUifQ%3D%3D\" href='https:\/\/gebirgsverein1880ev.de\/wp-content\/uploads\/schaubergwerk-bild-1.jpg'><img loading=\"lazy\" decoding=\"async\" width=\"735\" height=\"495\" src=\"https:\/\/gebirgsverein1880ev.de\/wp-content\/uploads\/schaubergwerk-bild-1.jpg\" class=\"attachment-full size-full\" alt=\"\" srcset=\"https:\/\/gebirgsverein1880ev.de\/wp-content\/uploads\/schaubergwerk-bild-1.jpg 735w, https:\/\/gebirgsverein1880ev.de\/wp-content\/uploads\/schaubergwerk-bild-1-300x202.jpg 300w\" sizes=\"(max-width: 735px) 100vw, 735px\" \/><\/a>\n\t\t\t<\/div><\/figure><figure class='gallery-item'>\n\t\t\t<div class='gallery-icon landscape'>\n\t\t\t\t<a data-elementor-open-lightbox=\"yes\" data-elementor-lightbox-slideshow=\"f4cf2de\" data-e-action-hash=\"#elementor-action%3Aaction%3Dlightbox%26settings%3DeyJpZCI6NDk4NCwidXJsIjoiaHR0cHM6XC9cL2dlYmlyZ3N2ZXJlaW4xODgwZXYuZGVcL3dwLWNvbnRlbnRcL3VwbG9hZHNcL3NjaGF1YmVyZ3dlcmstMy0xLmpwZyIsInNsaWRlc2hvdyI6ImY0Y2YyZGUifQ%3D%3D\" href='https:\/\/gebirgsverein1880ev.de\/wp-content\/uploads\/schaubergwerk-3-1.jpg'><img loading=\"lazy\" decoding=\"async\" width=\"800\" height=\"600\" src=\"https:\/\/gebirgsverein1880ev.de\/wp-content\/uploads\/schaubergwerk-3-1.jpg\" class=\"attachment-full size-full\" alt=\"\" srcset=\"https:\/\/gebirgsverein1880ev.de\/wp-content\/uploads\/schaubergwerk-3-1.jpg 800w, https:\/\/gebirgsverein1880ev.de\/wp-content\/uploads\/schaubergwerk-3-1-300x225.jpg 300w, https:\/\/gebirgsverein1880ev.de\/wp-content\/uploads\/schaubergwerk-3-1-768x576.jpg 768w\" sizes=\"(max-width: 800px) 100vw, 800px\" \/><\/a>\n\t\t\t<\/div><\/figure>\n\t\t<\/div>\n\t\t<\/div>\n\t\t\t\t\t\t<\/div>\n\t\t\t\t<\/div>\n\t\t\t\t<\/div>\n\t\t<div class=\"elementor-element elementor-element-7b6fd95 e-con-full e-flex e-con e-child\" data-id=\"7b6fd95\" data-element_type=\"container\">\n\t\t\t\t<div class=\"elementor-element elementor-element-33c3963 elementor-widget elementor-widget-heading\" data-id=\"33c3963\" data-element_type=\"widget\" data-widget_type=\"heading.default\">\n\t\t\t\t<div class=\"elementor-widget-container\">\n\t\t\t\t\t<h2 class=\"elementor-heading-title elementor-size-default\">Od kamienio\u0142omu do kopalni pokazowej<\/h2>\t\t\t\t<\/div>\n\t\t\t\t<\/div>\n\t\t\t\t<div class=\"elementor-element elementor-element-6b99404 elementor-widget elementor-widget-text-editor\" data-id=\"6b99404\" data-element_type=\"widget\" data-widget_type=\"text-editor.default\">\n\t\t\t\t<div class=\"elementor-widget-container\">\n\t\t\t\t\t\t\t\t\t<p>Kamienio\u0142omy m\u0142y\u0144skie s\u0105 <strong>bardzo cennym geologicznie obszarem<\/strong>. Mo\u017cna tu zobaczy\u0107 r\u00f3\u017cnorodne elementy wulkaniczne. <\/p>\n<p>Te szczeg\u00f3lne cechy wysz\u0142y na jaw dopiero po otwarciu kamienio\u0142om\u00f3w. Przy odrobinie szcz\u0119\u015bcia mo\u017cna na przyk\u0142ad odkry\u0107 dziwny skamienia\u0142y odcisk. Oczywi\u015bcie interesuj\u0105cy jest r\u00f3wnie\u017c bazalt kolumnowy (np. w ska\u0142ach organowych) i wiele innych.    <\/p>\n\t\t\t\t\t\t\t\t<\/div>\n\t\t\t\t<\/div>\n\t\t\t\t<div class=\"elementor-element elementor-element-8a7e040 elementor-widget elementor-widget-text-editor\" data-id=\"8a7e040\" data-element_type=\"widget\" data-widget_type=\"text-editor.default\">\n\t\t\t\t<div class=\"elementor-widget-container\">\n\t\t\t\t\t\t\t\t\t<p>W latach pi\u0119\u0107dziesi\u0105tych XX wieku mi\u0142o\u015bnicy przyrody i lokalnej historii stworzyli <strong>\u015bcie\u017ck\u0119 dydaktyczn\u0105<\/strong>. <span style=\"font-style: inherit; font-weight: inherit; color: var( --e-global-color-astglobalcolor3 ); text-align: var(--text-align); background-color: var( --e-global-color-astglobalcolor5 );\">Od 1990 r. kamienio\u0142omy zosta\u0142y zrekultywowane i udost\u0119pnione do w\u0119dr\u00f3wek. <\/span><span style=\"font-style: inherit; font-weight: inherit; color: var( --e-global-color-astglobalcolor3 ); text-align: var(--text-align); background-color: var( --e-global-color-astglobalcolor5 );\">W 2002 r.<strong> kamienio\u0142om &#8222;Schwarzes Loch<\/strong> &#8221; zosta\u0142 przekszta\u0142cony w <strong>kopalni\u0119 pokazow\u0105<\/strong> <\/span><span style=\"font-style: inherit; font-weight: inherit; color: var( --e-global-color-astglobalcolor3 ); text-align: var(--text-align); background-color: var( --e-global-color-astglobalcolor5 );\">, aby udokumentowa\u0107 wydobycie kamieni m\u0142y\u0144skich za pomoc\u0105 eksponat\u00f3w.<\/span><\/p>\n\t\t\t\t\t\t\t\t<\/div>\n\t\t\t\t<\/div>\n\t\t\t\t<\/div>\n\t\t\t\t\t<\/div>\n\t\t\t\t<\/div>\n\t\t<div class=\"elementor-element elementor-element-ff97ee3 e-flex e-con-boxed e-con e-parent\" data-id=\"ff97ee3\" data-element_type=\"container\" data-settings=\"{&quot;background_background&quot;:&quot;classic&quot;}\">\n\t\t\t\t\t<div class=\"e-con-inner\">\n\t\t<div class=\"elementor-element elementor-element-0201ed8 e-con-full e-flex e-con e-child\" data-id=\"0201ed8\" data-element_type=\"container\">\n\t\t\t\t<div class=\"elementor-element elementor-element-ff73f90 elementor-widget elementor-widget-menu-anchor\" data-id=\"ff73f90\" data-element_type=\"widget\" data-widget_type=\"menu-anchor.default\">\n\t\t\t\t<div class=\"elementor-widget-container\">\n\t\t\t\t\t\t\t<div class=\"elementor-menu-anchor\" id=\"przewodniki\"><\/div>\n\t\t\t\t\t\t<\/div>\n\t\t\t\t<\/div>\n\t\t\t\t<div class=\"elementor-element elementor-element-ce1e84e elementor-widget elementor-widget-heading\" data-id=\"ce1e84e\" data-element_type=\"widget\" data-widget_type=\"heading.default\">\n\t\t\t\t<div class=\"elementor-widget-container\">\n\t\t\t\t\t<h2 class=\"elementor-heading-title elementor-size-default\">Wycieczki z przewodnikiem po kopalni pokazowej<\/h2>\t\t\t\t<\/div>\n\t\t\t\t<\/div>\n\t\t\t\t<div class=\"elementor-element elementor-element-c4146a1 elementor-widget elementor-widget-text-editor\" data-id=\"c4146a1\" data-element_type=\"widget\" data-widget_type=\"text-editor.default\">\n\t\t\t\t<div class=\"elementor-widget-container\">\n\t\t\t\t\t\t\t\t\t<p>Kopalnia pokazowa nie jest otwarta dla publiczno\u015bci ze wzgl\u0119du na przepisy g\u00f3rnicze. Zwiedzanie jest mo\u017cliwe podczas wycieczek z przewodnikiem. Czas trwania w\u0119dr\u00f3wki ze \u015bcie\u017ck\u0105 przyrodnicz\u0105, kopalni\u0105 pokazow\u0105 i Steenbruchschmiede wynosi 3 godziny.  <\/p>\n<p><span style=\"background-color: var( --e-global-color-astglobalcolor5 ); color: var(--ast-global-color-3); font-style: inherit; font-weight: inherit; text-align: var(--text-align);\"> <\/span><\/p>\n\t\t\t\t\t\t\t\t<\/div>\n\t\t\t\t<\/div>\n\t\t\t\t<div class=\"elementor-element elementor-element-283ba85 elementor-widget elementor-widget-text-editor\" data-id=\"283ba85\" data-element_type=\"widget\" data-widget_type=\"text-editor.default\">\n\t\t\t\t<div class=\"elementor-widget-container\">\n\t\t\t\t\t\t\t\t\t<p><span style=\"text-decoration: underline;\"><strong>Ceny wycieczek z przewodnikiem<\/strong><\/span><br \/><strong>Doro\u015bli od 18 roku \u017cycia &#8211; 7,50 \u20ac<\/strong><br \/><strong>Dzieci (od 6 do 14 lat) &#8211; 2,00 \u20ac<\/strong><\/p>\n\t\t\t\t\t\t\t\t<\/div>\n\t\t\t\t<\/div>\n\t\t\t\t<div class=\"elementor-element elementor-element-6bf96ac elementor-widget elementor-widget-text-editor\" data-id=\"6bf96ac\" data-element_type=\"widget\" data-widget_type=\"text-editor.default\">\n\t\t\t\t<div class=\"elementor-widget-container\">\n\t\t\t\t\t\t\t\t\t<p>Wycieczki z przewodnikiem odbywaj\u0105 si\u0119 <strong>od 01 maja do 31 pa\u017adziernika<\/strong> w nast\u0119puj\u0105ce dni:<\/p>\n<ul>\n<li>\u015arody 14:00 z domu klubowego \/ obserwatorium<\/li>\n<li>Soboty 14:00 z domu klubowego \/ obserwatorium<\/li>\n<\/ul>\n\t\t\t\t\t\t\t\t<\/div>\n\t\t\t\t<\/div>\n\t\t\t\t<div class=\"elementor-element elementor-element-498214a elementor-widget elementor-widget-text-editor\" data-id=\"498214a\" data-element_type=\"widget\" data-widget_type=\"text-editor.default\">\n\t\t\t\t<div class=\"elementor-widget-container\">\n\t\t\t\t\t\t\t\t\t<p><strong>Nie jest wymagana wcze\u015bniejsza rezerwacja. Wycieczki z przewodnikiem odbywaj\u0105 si\u0119, gdy zbierze si\u0119 5 doros\u0142ych uczestnik\u00f3w. <\/strong><\/p>\n\t\t\t\t\t\t\t\t<\/div>\n\t\t\t\t<\/div>\n\t\t\t\t<div class=\"elementor-element elementor-element-0669468 elementor-widget-divider--view-line elementor-widget elementor-widget-divider\" data-id=\"0669468\" data-element_type=\"widget\" data-widget_type=\"divider.default\">\n\t\t\t\t<div class=\"elementor-widget-container\">\n\t\t\t\t\t\t\t<div class=\"elementor-divider\">\n\t\t\t<span class=\"elementor-divider-separator\">\n\t\t\t\t\t\t<\/span>\n\t\t<\/div>\n\t\t\t\t\t\t<\/div>\n\t\t\t\t<\/div>\n\t\t\t\t<div class=\"elementor-element elementor-element-3cb9ff8 elementor-widget elementor-widget-text-editor\" data-id=\"3cb9ff8\" data-element_type=\"widget\" data-widget_type=\"text-editor.default\">\n\t\t\t\t<div class=\"elementor-widget-container\">\n\t\t\t\t\t\t\t\t\t<p><span style=\"text-decoration: underline;\">Grupy powy\u017cej 20 os\u00f3b:<\/span><\/p>\n<p>Wymagana jest wcze\u015bniejsza rejestracja telefoniczna.  <\/p>\n<p>Telefon: 0175 4157635<\/p>\n<p>Kopalnia pokazowa mo\u017ce by\u0107 r\u00f3wnie\u017c wynajmowana na kameralne imprezy grupowe.<\/p>\n<p>Wi\u0119cej informacji mo\u017cna uzyska\u0107 pod numerem telefonu: 0175 4157635<\/p>\n\t\t\t\t\t\t\t\t<\/div>\n\t\t\t\t<\/div>\n\t\t\t\t<\/div>\n\t\t<div class=\"elementor-element elementor-element-7c65d81 e-con-full e-flex e-con e-child\" data-id=\"7c65d81\" data-element_type=\"container\">\n\t\t\t\t<div class=\"elementor-element elementor-element-b9c9ae7 gallery-spacing-custom elementor-widget elementor-widget-image-gallery\" data-id=\"b9c9ae7\" data-element_type=\"widget\" data-widget_type=\"image-gallery.default\">\n\t\t\t\t<div class=\"elementor-widget-container\">\n\t\t\t\t\t\t\t<div class=\"elementor-image-gallery\">\n\t\t\t<div id='gallery-4' class='gallery galleryid-5118 gallery-columns-1 gallery-size-full'><figure class='gallery-item'>\n\t\t\t<div class='gallery-icon portrait'>\n\t\t\t\t<a data-elementor-open-lightbox=\"yes\" data-elementor-lightbox-slideshow=\"b9c9ae7\" data-e-action-hash=\"#elementor-action%3Aaction%3Dlightbox%26settings%3DeyJpZCI6NDk5MCwidXJsIjoiaHR0cHM6XC9cL2dlYmlyZ3N2ZXJlaW4xODgwZXYuZGVcL3dwLWNvbnRlbnRcL3VwbG9hZHNcL1NjaHdhcnplc0xvY2h2b25ub3JkLmpwZyIsInNsaWRlc2hvdyI6ImI5YzlhZTcifQ%3D%3D\" href='https:\/\/gebirgsverein1880ev.de\/wp-content\/uploads\/SchwarzesLochvonnord.jpg'><img loading=\"lazy\" decoding=\"async\" width=\"923\" height=\"1212\" src=\"https:\/\/gebirgsverein1880ev.de\/wp-content\/uploads\/SchwarzesLochvonnord.jpg\" class=\"attachment-full size-full\" alt=\"\" srcset=\"https:\/\/gebirgsverein1880ev.de\/wp-content\/uploads\/SchwarzesLochvonnord.jpg 923w, https:\/\/gebirgsverein1880ev.de\/wp-content\/uploads\/SchwarzesLochvonnord-228x300.jpg 228w, https:\/\/gebirgsverein1880ev.de\/wp-content\/uploads\/SchwarzesLochvonnord-780x1024.jpg 780w, https:\/\/gebirgsverein1880ev.de\/wp-content\/uploads\/SchwarzesLochvonnord-768x1008.jpg 768w\" sizes=\"(max-width: 923px) 100vw, 923px\" \/><\/a>\n\t\t\t<\/div><\/figure><figure class='gallery-item'>\n\t\t\t<div class='gallery-icon landscape'>\n\t\t\t\t<a data-elementor-open-lightbox=\"yes\" data-elementor-lightbox-slideshow=\"b9c9ae7\" data-e-action-hash=\"#elementor-action%3Aaction%3Dlightbox%26settings%3DeyJpZCI6NDk5MywidXJsIjoiaHR0cHM6XC9cL2dlYmlyZ3N2ZXJlaW4xODgwZXYuZGVcL3dwLWNvbnRlbnRcL3VwbG9hZHNcL1ZlcmVpbnNmZXN0RmxpbnRzdG9uZXMtc2NhbGVkLTEuanBnIiwic2xpZGVzaG93IjoiYjljOWFlNyJ9\" href='https:\/\/gebirgsverein1880ev.de\/wp-content\/uploads\/VereinsfestFlintstones-scaled-1.jpg'><img loading=\"lazy\" decoding=\"async\" width=\"2560\" height=\"1920\" src=\"https:\/\/gebirgsverein1880ev.de\/wp-content\/uploads\/VereinsfestFlintstones-scaled-1.jpg\" class=\"attachment-full size-full\" alt=\"\" srcset=\"https:\/\/gebirgsverein1880ev.de\/wp-content\/uploads\/VereinsfestFlintstones-scaled-1.jpg 2560w, https:\/\/gebirgsverein1880ev.de\/wp-content\/uploads\/VereinsfestFlintstones-scaled-1-300x225.jpg 300w, https:\/\/gebirgsverein1880ev.de\/wp-content\/uploads\/VereinsfestFlintstones-scaled-1-1024x768.jpg 1024w, https:\/\/gebirgsverein1880ev.de\/wp-content\/uploads\/VereinsfestFlintstones-scaled-1-768x576.jpg 768w, https:\/\/gebirgsverein1880ev.de\/wp-content\/uploads\/VereinsfestFlintstones-scaled-1-1536x1152.jpg 1536w, https:\/\/gebirgsverein1880ev.de\/wp-content\/uploads\/VereinsfestFlintstones-scaled-1-2048x1536.jpg 2048w\" sizes=\"(max-width: 2560px) 100vw, 2560px\" \/><\/a>\n\t\t\t<\/div><\/figure>\n\t\t<\/div>\n\t\t<\/div>\n\t\t\t\t\t\t<\/div>\n\t\t\t\t<\/div>\n\t\t\t\t<\/div>\n\t\t\t\t\t<\/div>\n\t\t\t\t<\/div>\n\t\t\t\t<\/div>\n\t\t","protected":false},"excerpt":{"rendered":"<p>Poka\u017c kopalni\u0119 Poka\u017c kopalni\u0119 Kopalnia pokazowa znajduje si\u0119 na obszarze kamienio\u0142om\u00f3w m\u0142y\u0144skich Jonsdorf w G\u00f3rach \u017bytawskich, dawniej zwanych Grzbietem \u0141u\u017cyckim. Jest to niemiecka cz\u0119\u015b\u0107 G\u00f3r \u0141u\u017cyckich rozci\u0105gaj\u0105ca si\u0119 wzd\u0142u\u017c granicy sakso\u0144sko-czeskiej w skrajnie po\u0142udniowo-wschodniej cz\u0119\u015bci Saksonii. Ma maksymaln\u0105 wysoko\u015b\u0107 792,6 metr\u00f3w nad poziomem morza (Lausche), jest cz\u0119\u015bci\u0105 Sudet\u00f3w i jest najmniejszym (i najpi\u0119kniejszym) pasmem g\u00f3rskim [&hellip;]<\/p>\n","protected":false},"author":1,"featured_media":0,"parent":0,"menu_order":0,"comment_status":"closed","ping_status":"closed","template":"","meta":{"site-sidebar-layout":"no-sidebar","site-content-layout":"page-builder","ast-site-content-layout":"full-width-container","site-content-style":"unboxed","site-sidebar-style":"unboxed","ast-global-header-display":"","ast-banner-title-visibility":"","ast-main-header-display":"","ast-hfb-above-header-display":"","ast-hfb-below-header-display":"","ast-hfb-mobile-header-display":"","site-post-title":"disabled","ast-breadcrumbs-content":"","ast-featured-img":"disabled","footer-sml-layout":"","theme-transparent-header-meta":"enabled","adv-header-id-meta":"","stick-header-meta":"","header-above-stick-meta":"","header-main-stick-meta":"","header-below-stick-meta":"","astra-migrate-meta-layouts":"default","ast-page-background-enabled":"default","ast-page-background-meta":{"desktop":{"background-color":"var(--ast-global-color-4)","background-image":"","background-repeat":"repeat","background-position":"center center","background-size":"auto","background-attachment":"scroll","background-type":"","background-media":"","overlay-type":"","overlay-color":"","overlay-opacity":"","overlay-gradient":""},"tablet":{"background-color":"","background-image":"","background-repeat":"repeat","background-position":"center center","background-size":"auto","background-attachment":"scroll","background-type":"","background-media":"","overlay-type":"","overlay-color":"","overlay-opacity":"","overlay-gradient":""},"mobile":{"background-color":"","background-image":"","background-repeat":"repeat","background-position":"center center","background-size":"auto","background-attachment":"scroll","background-type":"","background-media":"","overlay-type":"","overlay-color":"","overlay-opacity":"","overlay-gradient":""}},"ast-content-background-meta":{"desktop":{"background-color":"var(--ast-global-color-5)","background-image":"","background-repeat":"repeat","background-position":"center center","background-size":"auto","background-attachment":"scroll","background-type":"","background-media":"","overlay-type":"","overlay-color":"","overlay-opacity":"","overlay-gradient":""},"tablet":{"background-color":"var(--ast-global-color-5)","background-image":"","background-repeat":"repeat","background-position":"center center","background-size":"auto","background-attachment":"scroll","background-type":"","background-media":"","overlay-type":"","overlay-color":"","overlay-opacity":"","overlay-gradient":""},"mobile":{"background-color":"var(--ast-global-color-5)","background-image":"","background-repeat":"repeat","background-position":"center center","background-size":"auto","background-attachment":"scroll","background-type":"","background-media":"","overlay-type":"","overlay-color":"","overlay-opacity":"","overlay-gradient":""}},"footnotes":""},"class_list":["post-5118","page","type-page","status-publish","hentry"],"yoast_head":"<!-- This site is optimized with the Yoast SEO plugin v24.5 - https:\/\/yoast.com\/wordpress\/plugins\/seo\/ -->\n<title>Poka\u017c kopalni\u0119 - Jonsdorfer Gebirgsverein 1880 e.V.<\/title>\n<meta name=\"robots\" content=\"index, follow, max-snippet:-1, max-image-preview:large, max-video-preview:-1\" \/>\n<link rel=\"canonical\" href=\"https:\/\/gebirgsverein1880ev.de\/pl\/pokaz-kopalnie\/\" \/>\n<meta property=\"og:locale\" content=\"pl_PL\" \/>\n<meta property=\"og:type\" content=\"article\" \/>\n<meta property=\"og:title\" content=\"Poka\u017c kopalni\u0119 - Jonsdorfer Gebirgsverein 1880 e.V.\" \/>\n<meta property=\"og:description\" content=\"Poka\u017c kopalni\u0119 Poka\u017c kopalni\u0119 Kopalnia pokazowa znajduje si\u0119 na obszarze kamienio\u0142om\u00f3w m\u0142y\u0144skich Jonsdorf w G\u00f3rach \u017bytawskich, dawniej zwanych Grzbietem \u0141u\u017cyckim. Jest to niemiecka cz\u0119\u015b\u0107 G\u00f3r \u0141u\u017cyckich rozci\u0105gaj\u0105ca si\u0119 wzd\u0142u\u017c granicy sakso\u0144sko-czeskiej w skrajnie po\u0142udniowo-wschodniej cz\u0119\u015bci Saksonii. Ma maksymaln\u0105 wysoko\u015b\u0107 792,6 metr\u00f3w nad poziomem morza (Lausche), jest cz\u0119\u015bci\u0105 Sudet\u00f3w i jest najmniejszym (i najpi\u0119kniejszym) pasmem g\u00f3rskim [&hellip;]\" \/>\n<meta property=\"og:url\" content=\"https:\/\/gebirgsverein1880ev.de\/pl\/pokaz-kopalnie\/\" \/>\n<meta property=\"og:site_name\" content=\"Jonsdorfer Gebirgsverein 1880 e.V.\" \/>\n<meta property=\"article:publisher\" content=\"https:\/\/www.facebook.com\/muehlsteinbrecher\/\" \/>\n<meta property=\"article:modified_time\" content=\"2025-01-26T09:32:07+00:00\" \/>\n<meta property=\"og:image\" content=\"https:\/\/gebirgsverein1880ev.de\/wp-content\/uploads\/gebiet-muehlsteinbrueche-jonsdorf-landkarte-cut.jpg\" \/>\n\t<meta property=\"og:image:width\" content=\"950\" \/>\n\t<meta property=\"og:image:height\" content=\"912\" \/>\n\t<meta property=\"og:image:type\" content=\"image\/jpeg\" \/>\n<meta name=\"twitter:card\" content=\"summary_large_image\" \/>\n<meta name=\"twitter:label1\" content=\"Szacowany czas czytania\" \/>\n\t<meta name=\"twitter:data1\" content=\"6 minut\" \/>\n<script type=\"application\/ld+json\" class=\"yoast-schema-graph\">{\"@context\":\"https:\/\/schema.org\",\"@graph\":[{\"@type\":\"WebPage\",\"@id\":\"https:\/\/gebirgsverein1880ev.de\/pl\/pokaz-kopalnie\/\",\"url\":\"https:\/\/gebirgsverein1880ev.de\/pl\/pokaz-kopalnie\/\",\"name\":\"Poka\u017c kopalni\u0119 - Jonsdorfer Gebirgsverein 1880 e.V.\",\"isPartOf\":{\"@id\":\"https:\/\/gebirgsverein1880ev.de\/pl\/#website\"},\"primaryImageOfPage\":{\"@id\":\"https:\/\/gebirgsverein1880ev.de\/pl\/pokaz-kopalnie\/#primaryimage\"},\"image\":{\"@id\":\"https:\/\/gebirgsverein1880ev.de\/pl\/pokaz-kopalnie\/#primaryimage\"},\"thumbnailUrl\":\"https:\/\/gebirgsverein1880ev.de\/wp-content\/uploads\/gebiet-muehlsteinbrueche-jonsdorf-landkarte-cut.jpg\",\"datePublished\":\"2025-01-23T09:57:13+00:00\",\"dateModified\":\"2025-01-26T09:32:07+00:00\",\"breadcrumb\":{\"@id\":\"https:\/\/gebirgsverein1880ev.de\/pl\/pokaz-kopalnie\/#breadcrumb\"},\"inLanguage\":\"pl-PL\",\"potentialAction\":[{\"@type\":\"ReadAction\",\"target\":[\"https:\/\/gebirgsverein1880ev.de\/pl\/pokaz-kopalnie\/\"]}]},{\"@type\":\"ImageObject\",\"inLanguage\":\"pl-PL\",\"@id\":\"https:\/\/gebirgsverein1880ev.de\/pl\/pokaz-kopalnie\/#primaryimage\",\"url\":\"https:\/\/gebirgsverein1880ev.de\/wp-content\/uploads\/gebiet-muehlsteinbrueche-jonsdorf-landkarte-cut.jpg\",\"contentUrl\":\"https:\/\/gebirgsverein1880ev.de\/wp-content\/uploads\/gebiet-muehlsteinbrueche-jonsdorf-landkarte-cut.jpg\"},{\"@type\":\"BreadcrumbList\",\"@id\":\"https:\/\/gebirgsverein1880ev.de\/pl\/pokaz-kopalnie\/#breadcrumb\",\"itemListElement\":[{\"@type\":\"ListItem\",\"position\":1,\"name\":\"Startseite\",\"item\":\"https:\/\/gebirgsverein1880ev.de\/pl\/\"},{\"@type\":\"ListItem\",\"position\":2,\"name\":\"Poka\u017c kopalni\u0119\"}]},{\"@type\":\"WebSite\",\"@id\":\"https:\/\/gebirgsverein1880ev.de\/pl\/#website\",\"url\":\"https:\/\/gebirgsverein1880ev.de\/pl\/\",\"name\":\"Jonsdorfer Gebirgsverein 1880 e.V.\",\"description\":\"\",\"publisher\":{\"@id\":\"https:\/\/gebirgsverein1880ev.de\/pl\/#organization\"},\"potentialAction\":[{\"@type\":\"SearchAction\",\"target\":{\"@type\":\"EntryPoint\",\"urlTemplate\":\"https:\/\/gebirgsverein1880ev.de\/pl\/?s={search_term_string}\"},\"query-input\":{\"@type\":\"PropertyValueSpecification\",\"valueRequired\":true,\"valueName\":\"search_term_string\"}}],\"inLanguage\":\"pl-PL\"},{\"@type\":\"Organization\",\"@id\":\"https:\/\/gebirgsverein1880ev.de\/pl\/#organization\",\"name\":\"Jonsdorfer Gebirgsverein 1880 e.V.\",\"url\":\"https:\/\/gebirgsverein1880ev.de\/pl\/\",\"logo\":{\"@type\":\"ImageObject\",\"inLanguage\":\"pl-PL\",\"@id\":\"https:\/\/gebirgsverein1880ev.de\/pl\/#\/schema\/logo\/image\/\",\"url\":\"https:\/\/gebirgsverein1880ev.de\/wp-content\/uploads\/logo_gebirgsverein.png\",\"contentUrl\":\"https:\/\/gebirgsverein1880ev.de\/wp-content\/uploads\/logo_gebirgsverein.png\",\"width\":283,\"height\":184,\"caption\":\"Jonsdorfer Gebirgsverein 1880 e.V.\"},\"image\":{\"@id\":\"https:\/\/gebirgsverein1880ev.de\/pl\/#\/schema\/logo\/image\/\"},\"sameAs\":[\"https:\/\/www.facebook.com\/muehlsteinbrecher\/\"]}]}<\/script>\n<!-- \/ Yoast SEO plugin. -->","yoast_head_json":{"title":"Poka\u017c kopalni\u0119 - Jonsdorfer Gebirgsverein 1880 e.V.","robots":{"index":"index","follow":"follow","max-snippet":"max-snippet:-1","max-image-preview":"max-image-preview:large","max-video-preview":"max-video-preview:-1"},"canonical":"https:\/\/gebirgsverein1880ev.de\/pl\/pokaz-kopalnie\/","og_locale":"pl_PL","og_type":"article","og_title":"Poka\u017c kopalni\u0119 - Jonsdorfer Gebirgsverein 1880 e.V.","og_description":"Poka\u017c kopalni\u0119 Poka\u017c kopalni\u0119 Kopalnia pokazowa znajduje si\u0119 na obszarze kamienio\u0142om\u00f3w m\u0142y\u0144skich Jonsdorf w G\u00f3rach \u017bytawskich, dawniej zwanych Grzbietem \u0141u\u017cyckim. Jest to niemiecka cz\u0119\u015b\u0107 G\u00f3r \u0141u\u017cyckich rozci\u0105gaj\u0105ca si\u0119 wzd\u0142u\u017c granicy sakso\u0144sko-czeskiej w skrajnie po\u0142udniowo-wschodniej cz\u0119\u015bci Saksonii. Ma maksymaln\u0105 wysoko\u015b\u0107 792,6 metr\u00f3w nad poziomem morza (Lausche), jest cz\u0119\u015bci\u0105 Sudet\u00f3w i jest najmniejszym (i najpi\u0119kniejszym) pasmem g\u00f3rskim [&hellip;]","og_url":"https:\/\/gebirgsverein1880ev.de\/pl\/pokaz-kopalnie\/","og_site_name":"Jonsdorfer Gebirgsverein 1880 e.V.","article_publisher":"https:\/\/www.facebook.com\/muehlsteinbrecher\/","article_modified_time":"2025-01-26T09:32:07+00:00","og_image":[{"width":950,"height":912,"url":"https:\/\/gebirgsverein1880ev.de\/wp-content\/uploads\/gebiet-muehlsteinbrueche-jonsdorf-landkarte-cut.jpg","type":"image\/jpeg"}],"twitter_card":"summary_large_image","twitter_misc":{"Szacowany czas czytania":"6 minut"},"schema":{"@context":"https:\/\/schema.org","@graph":[{"@type":"WebPage","@id":"https:\/\/gebirgsverein1880ev.de\/pl\/pokaz-kopalnie\/","url":"https:\/\/gebirgsverein1880ev.de\/pl\/pokaz-kopalnie\/","name":"Poka\u017c kopalni\u0119 - Jonsdorfer Gebirgsverein 1880 e.V.","isPartOf":{"@id":"https:\/\/gebirgsverein1880ev.de\/pl\/#website"},"primaryImageOfPage":{"@id":"https:\/\/gebirgsverein1880ev.de\/pl\/pokaz-kopalnie\/#primaryimage"},"image":{"@id":"https:\/\/gebirgsverein1880ev.de\/pl\/pokaz-kopalnie\/#primaryimage"},"thumbnailUrl":"https:\/\/gebirgsverein1880ev.de\/wp-content\/uploads\/gebiet-muehlsteinbrueche-jonsdorf-landkarte-cut.jpg","datePublished":"2025-01-23T09:57:13+00:00","dateModified":"2025-01-26T09:32:07+00:00","breadcrumb":{"@id":"https:\/\/gebirgsverein1880ev.de\/pl\/pokaz-kopalnie\/#breadcrumb"},"inLanguage":"pl-PL","potentialAction":[{"@type":"ReadAction","target":["https:\/\/gebirgsverein1880ev.de\/pl\/pokaz-kopalnie\/"]}]},{"@type":"ImageObject","inLanguage":"pl-PL","@id":"https:\/\/gebirgsverein1880ev.de\/pl\/pokaz-kopalnie\/#primaryimage","url":"https:\/\/gebirgsverein1880ev.de\/wp-content\/uploads\/gebiet-muehlsteinbrueche-jonsdorf-landkarte-cut.jpg","contentUrl":"https:\/\/gebirgsverein1880ev.de\/wp-content\/uploads\/gebiet-muehlsteinbrueche-jonsdorf-landkarte-cut.jpg"},{"@type":"BreadcrumbList","@id":"https:\/\/gebirgsverein1880ev.de\/pl\/pokaz-kopalnie\/#breadcrumb","itemListElement":[{"@type":"ListItem","position":1,"name":"Startseite","item":"https:\/\/gebirgsverein1880ev.de\/pl\/"},{"@type":"ListItem","position":2,"name":"Poka\u017c kopalni\u0119"}]},{"@type":"WebSite","@id":"https:\/\/gebirgsverein1880ev.de\/pl\/#website","url":"https:\/\/gebirgsverein1880ev.de\/pl\/","name":"Jonsdorfer Gebirgsverein 1880 e.V.","description":"","publisher":{"@id":"https:\/\/gebirgsverein1880ev.de\/pl\/#organization"},"potentialAction":[{"@type":"SearchAction","target":{"@type":"EntryPoint","urlTemplate":"https:\/\/gebirgsverein1880ev.de\/pl\/?s={search_term_string}"},"query-input":{"@type":"PropertyValueSpecification","valueRequired":true,"valueName":"search_term_string"}}],"inLanguage":"pl-PL"},{"@type":"Organization","@id":"https:\/\/gebirgsverein1880ev.de\/pl\/#organization","name":"Jonsdorfer Gebirgsverein 1880 e.V.","url":"https:\/\/gebirgsverein1880ev.de\/pl\/","logo":{"@type":"ImageObject","inLanguage":"pl-PL","@id":"https:\/\/gebirgsverein1880ev.de\/pl\/#\/schema\/logo\/image\/","url":"https:\/\/gebirgsverein1880ev.de\/wp-content\/uploads\/logo_gebirgsverein.png","contentUrl":"https:\/\/gebirgsverein1880ev.de\/wp-content\/uploads\/logo_gebirgsverein.png","width":283,"height":184,"caption":"Jonsdorfer Gebirgsverein 1880 e.V."},"image":{"@id":"https:\/\/gebirgsverein1880ev.de\/pl\/#\/schema\/logo\/image\/"},"sameAs":["https:\/\/www.facebook.com\/muehlsteinbrecher\/"]}]}},"_links":{"self":[{"href":"https:\/\/gebirgsverein1880ev.de\/pl\/wp-json\/wp\/v2\/pages\/5118","targetHints":{"allow":["GET"]}}],"collection":[{"href":"https:\/\/gebirgsverein1880ev.de\/pl\/wp-json\/wp\/v2\/pages"}],"about":[{"href":"https:\/\/gebirgsverein1880ev.de\/pl\/wp-json\/wp\/v2\/types\/page"}],"author":[{"embeddable":true,"href":"https:\/\/gebirgsverein1880ev.de\/pl\/wp-json\/wp\/v2\/users\/1"}],"replies":[{"embeddable":true,"href":"https:\/\/gebirgsverein1880ev.de\/pl\/wp-json\/wp\/v2\/comments?post=5118"}],"version-history":[{"count":4,"href":"https:\/\/gebirgsverein1880ev.de\/pl\/wp-json\/wp\/v2\/pages\/5118\/revisions"}],"predecessor-version":[{"id":5165,"href":"https:\/\/gebirgsverein1880ev.de\/pl\/wp-json\/wp\/v2\/pages\/5118\/revisions\/5165"}],"wp:attachment":[{"href":"https:\/\/gebirgsverein1880ev.de\/pl\/wp-json\/wp\/v2\/media?parent=5118"}],"curies":[{"name":"wp","href":"https:\/\/api.w.org\/{rel}","templated":true}]}}