{"id":5117,"date":"2025-01-23T10:57:13","date_gmt":"2025-01-23T09:57:13","guid":{"rendered":"https:\/\/gebirgsverein1880ev.de\/ukazat-muj\/"},"modified":"2025-01-26T10:43:56","modified_gmt":"2025-01-26T09:43:56","slug":"ukazat-muj","status":"publish","type":"page","link":"https:\/\/gebirgsverein1880ev.de\/cs\/ukazat-muj\/","title":{"rendered":"Uk\u00e1zat m\u016fj"},"content":{"rendered":"\t\t<div data-elementor-type=\"wp-page\" data-elementor-id=\"5117\" class=\"elementor elementor-5117 elementor-4457\">\n\t\t\t\t<div class=\"elementor-element elementor-element-02c7aee e-flex e-con-boxed e-con e-parent\" data-id=\"02c7aee\" data-element_type=\"container\" data-settings=\"{&quot;background_background&quot;:&quot;classic&quot;}\">\n\t\t\t\t\t<div class=\"e-con-inner\">\n\t\t\t\t<div class=\"elementor-element elementor-element-a48a642 elementor-hidden-mobile elementor-widget elementor-widget-heading\" data-id=\"a48a642\" data-element_type=\"widget\" data-widget_type=\"heading.default\">\n\t\t\t\t<div class=\"elementor-widget-container\">\n\t\t\t\t\t<h1 class=\"elementor-heading-title elementor-size-default\">Uk\u00e1zat m\u016fj<\/h1>\t\t\t\t<\/div>\n\t\t\t\t<\/div>\n\t\t\t\t<div class=\"elementor-element elementor-element-9027495 elementor-hidden-desktop elementor-hidden-tablet elementor-widget elementor-widget-heading\" data-id=\"9027495\" data-element_type=\"widget\" data-widget_type=\"heading.default\">\n\t\t\t\t<div class=\"elementor-widget-container\">\n\t\t\t\t\t<h1 class=\"elementor-heading-title elementor-size-default\">Uk\u00e1zat m\u016fj<\/h1>\t\t\t\t<\/div>\n\t\t\t\t<\/div>\n\t\t\t\t\t<\/div>\n\t\t\t\t<\/div>\n\t\t<div class=\"elementor-element elementor-element-87da266 e-flex e-con-boxed e-con e-parent\" data-id=\"87da266\" data-element_type=\"container\" data-settings=\"{&quot;background_background&quot;:&quot;classic&quot;}\">\n\t\t\t\t\t<div class=\"e-con-inner\">\n\t\t<div class=\"elementor-element elementor-element-70b3127 e-con-full e-flex e-con e-child\" data-id=\"70b3127\" data-element_type=\"container\">\n\t\t\t\t<div class=\"elementor-element elementor-element-17b0c2c elementor-widget elementor-widget-heading\" data-id=\"17b0c2c\" data-element_type=\"widget\" data-widget_type=\"heading.default\">\n\t\t\t\t<div class=\"elementor-widget-container\">\n\t\t\t\t\t<h2 class=\"elementor-heading-title elementor-size-default\">V\u00fdstavn\u00ed d\u016fl<\/h2>\t\t\t\t<\/div>\n\t\t\t\t<\/div>\n\t\t\t\t<div class=\"elementor-element elementor-element-4ce1745 elementor-widget elementor-widget-text-editor\" data-id=\"4ce1745\" data-element_type=\"widget\" data-widget_type=\"text-editor.default\">\n\t\t\t\t<div class=\"elementor-widget-container\">\n\t\t\t\t\t\t\t\t\t<p>se nach\u00e1z\u00ed v oblasti jonsdorfsk\u00fdch ml\u00fdnsk\u00fdch kamen\u016f v \u017ditavsk\u00fdch hor\u00e1ch, d\u0159\u00edve zn\u00e1m\u00fdch jako Lu\u017eick\u00fd h\u0159bet. Jedn\u00e1 se o n\u011bmeckou \u010d\u00e1st Lu\u017eick\u00fdch hor t\u00e1hnouc\u00ed se pod\u00e9l sasko-\u010desk\u00e9 hranice na krajn\u00edm jihov\u00fdchod\u011b Saska. M\u00e1 maxim\u00e1ln\u00ed v\u00fd\u0161ku 792,6 m n. m. (Lu\u017e), je sou\u010d\u00e1st\u00ed Sudetsk\u00e9ho h\u0159ebene a je nejmen\u0161\u00edm (a nejkr\u00e1sn\u011bj\u0161\u00edm) poho\u0159\u00edm v N\u011bmecku.     <\/p>\n<\/p>\n<p>L\u00e1ze\u0148sk\u00e9 m\u011bsto Jonsdorf se nach\u00e1z\u00ed v centru \u017ditavsk\u00fdch hor, kter\u00e9 jsou tvo\u0159eny p\u00edskovcov\u00fdmi skalami a vulkanick\u00fdmi vyv\u0159elinami. L\u00e1ze\u0148sk\u00e9 m\u011bsto bylo a st\u00e1le je velmi obl\u00edben\u00fdm rekrea\u010dn\u00edm r\u00e1jem. <\/p>\n\t\t\t\t\t\t\t\t<\/div>\n\t\t\t\t<\/div>\n\t\t\t\t<div class=\"elementor-element elementor-element-c8fbbbd elementor-align-left elementor-mobile-align-justify elementor-widget-mobile__width-inherit elementor-widget-tablet__width-auto elementor-tablet-align-left elementor-widget elementor-widget-button\" data-id=\"c8fbbbd\" data-element_type=\"widget\" data-widget_type=\"button.default\">\n\t\t\t\t<div class=\"elementor-widget-container\">\n\t\t\t\t\t\t\t\t\t<div class=\"elementor-button-wrapper\">\n\t\t\t\t\t<a class=\"elementor-button elementor-button-link elementor-size-sm\" href=\"#pruvodci\">\n\t\t\t\t\t\t<span class=\"elementor-button-content-wrapper\">\n\t\t\t\t\t\t\t\t\t<span class=\"elementor-button-text\">V\u00edce informac\u00ed o prohl\u00eddk\u00e1ch s pr\u016fvodcem<\/span>\n\t\t\t\t\t<\/span>\n\t\t\t\t\t<\/a>\n\t\t\t\t<\/div>\n\t\t\t\t\t\t\t\t<\/div>\n\t\t\t\t<\/div>\n\t\t\t\t<\/div>\n\t\t<div class=\"elementor-element elementor-element-4a435f6 e-con-full e-flex e-con e-child\" data-id=\"4a435f6\" data-element_type=\"container\">\n\t\t\t\t<div class=\"elementor-element elementor-element-00409f9 elementor-widget elementor-widget-image\" data-id=\"00409f9\" data-element_type=\"widget\" data-widget_type=\"image.default\">\n\t\t\t\t<div class=\"elementor-widget-container\">\n\t\t\t\t\t\t\t\t\t\t\t\t\t\t\t\t<a href=\"https:\/\/gebirgsverein1880ev.de\/wp-content\/uploads\/gebiet-muehlsteinbrueche-jonsdorf-landkarte.jpg\">\n\t\t\t\t\t\t\t<img fetchpriority=\"high\" decoding=\"async\" width=\"950\" height=\"912\" src=\"https:\/\/gebirgsverein1880ev.de\/wp-content\/uploads\/gebiet-muehlsteinbrueche-jonsdorf-landkarte-cut.jpg\" class=\"attachment-large size-large wp-image-4949\" alt=\"\" srcset=\"https:\/\/gebirgsverein1880ev.de\/wp-content\/uploads\/gebiet-muehlsteinbrueche-jonsdorf-landkarte-cut.jpg 950w, https:\/\/gebirgsverein1880ev.de\/wp-content\/uploads\/gebiet-muehlsteinbrueche-jonsdorf-landkarte-cut-300x288.jpg 300w, https:\/\/gebirgsverein1880ev.de\/wp-content\/uploads\/gebiet-muehlsteinbrueche-jonsdorf-landkarte-cut-768x737.jpg 768w\" sizes=\"(max-width: 950px) 100vw, 950px\" \/>\t\t\t\t\t\t\t\t<\/a>\n\t\t\t\t\t\t\t\t\t\t\t\t\t\t\t<\/div>\n\t\t\t\t<\/div>\n\t\t\t\t<\/div>\n\t\t\t\t\t<\/div>\n\t\t\t\t<\/div>\n\t\t<div class=\"elementor-element elementor-element-e230559 e-flex e-con-boxed e-con e-parent\" data-id=\"e230559\" data-element_type=\"container\" data-settings=\"{&quot;background_background&quot;:&quot;classic&quot;}\">\n\t\t\t\t\t<div class=\"e-con-inner\">\n\t\t<div class=\"elementor-element elementor-element-1e24d78 e-con-full e-flex e-con e-child\" data-id=\"1e24d78\" data-element_type=\"container\">\n\t\t\t\t<div class=\"elementor-element elementor-element-73a1494 elementor-widget elementor-widget-heading\" data-id=\"73a1494\" data-element_type=\"widget\" data-widget_type=\"heading.default\">\n\t\t\t\t<div class=\"elementor-widget-container\">\n\t\t\t\t\t<h2 class=\"elementor-heading-title elementor-size-default\">Lomy na ml\u00fdnsk\u00e9 kameny Jonsdorf<\/h2>\t\t\t\t<\/div>\n\t\t\t\t<\/div>\n\t\t\t\t<div class=\"elementor-element elementor-element-eedd270 elementor-widget elementor-widget-text-editor\" data-id=\"eedd270\" data-element_type=\"widget\" data-widget_type=\"text-editor.default\">\n\t\t\t\t<div class=\"elementor-widget-container\">\n\t\t\t\t\t\t\t\t\t<p><strong>Jonsdorfsk\u00e9 ml\u00fdnsk\u00e9 kam<\/strong>eny se nach\u00e1zej\u00ed ji\u017en\u011b od obce Jonsdorf. Rozkl\u00e1daj\u00ed se na plo\u0161e p\u0159ibli\u017en\u011b 35 hektar\u016f. Nach\u00e1zej\u00ed se zde 4 lomy, kter\u00e9 vznikaly v pr\u016fb\u011bhu \u010dasu a byly v provozu a\u017e do roku 1918. V roce 1560 objevil m\u00edstn\u00ed rycht\u00e1\u0159 Hieronymus Richter a jeho dva synov\u00e9 zvl\u00e1\u0161tn\u00ed vyu\u017eitelnost jonsdorfsk\u00e9ho p\u00edskovce pro v\u00fdrobu ml\u00fdnsk\u00fdch kamen\u016f. V roce 1580 se zde za\u010dalo s t\u011b\u017ebou a v\u00fdrobou ml\u00fdnsk\u00fdch kamen\u016f. V\u00edce ne\u017e 300 let se zde t\u011b\u017eil \u0161t\u00edpan\u00fd p\u00edskovec na v\u00fdrobu ml\u00fdnsk\u00fdch kamen\u016f. V lomu pracovalo n\u011bkdy a\u017e 90 d\u011bln\u00edk\u016f.      <\/p>\n\t\t\t\t\t\t\t\t<\/div>\n\t\t\t\t<\/div>\n\t\t\t\t<div class=\"elementor-element elementor-element-1076a81 elementor-widget elementor-widget-text-editor\" data-id=\"1076a81\" data-element_type=\"widget\" data-widget_type=\"text-editor.default\">\n\t\t\t\t<div class=\"elementor-widget-container\">\n\t\t\t\t\t\t\t\t\t<p><strong>Jonsdorfsk\u00e9 ml\u00fdnsk\u00e9 kameny<\/strong> byly velmi \u017e\u00e1dan\u00e9 a vyv\u00e1\u017eely se do Ruska a Anglie. Vyr\u00e1b\u011bly se kompletn\u00ed a hotov\u00e9 ml\u00fdnsk\u00e9 kameny, od \u0161t\u00edp\u00e1n\u00ed ve sk\u00e1le a\u017e po hotovou expedici. V\u00fdroba ml\u00fdnsk\u00fdch kamen\u016f byla ukon\u010dena v roce 1918.  <\/p>\n\t\t\t\t\t\t\t\t<\/div>\n\t\t\t\t<\/div>\n\t\t\t\t<div class=\"elementor-element elementor-element-fe5689a elementor-widget elementor-widget-image\" data-id=\"fe5689a\" data-element_type=\"widget\" data-widget_type=\"image.default\">\n\t\t\t\t<div class=\"elementor-widget-container\">\n\t\t\t\t\t\t\t\t\t\t\t\t<figure class=\"wp-caption\">\n\t\t\t\t\t\t\t\t\t\t<img decoding=\"async\" width=\"103\" height=\"120\" src=\"https:\/\/gebirgsverein1880ev.de\/wp-content\/uploads\/10_LogoMuehlsteinbrueche.jpg\" class=\"attachment-medium size-medium wp-image-4955\" alt=\"\" \/>\t\t\t\t\t\t\t\t\t\t\t<figcaption class=\"widget-image-caption wp-caption-text\">Lomy na ml\u00fdnsk\u00e9 kameny Jonsdorf<\/figcaption>\n\t\t\t\t\t\t\t\t\t\t<\/figure>\n\t\t\t\t\t\t\t\t\t<\/div>\n\t\t\t\t<\/div>\n\t\t\t\t<\/div>\n\t\t<div class=\"elementor-element elementor-element-15fb6e0 e-con-full e-flex e-con e-child\" data-id=\"15fb6e0\" data-element_type=\"container\">\n\t\t\t\t<div class=\"elementor-element elementor-element-d3611b3 elementor-widget elementor-widget-image-gallery\" data-id=\"d3611b3\" data-element_type=\"widget\" data-widget_type=\"image-gallery.default\">\n\t\t\t\t<div class=\"elementor-widget-container\">\n\t\t\t\t\t\t\t<div class=\"elementor-image-gallery\">\n\t\t\t<div id='gallery-1' class='gallery galleryid-5117 gallery-columns-1 gallery-size-2048x2048'><figure class='gallery-item'>\n\t\t\t<div class='gallery-icon portrait'>\n\t\t\t\t<a data-elementor-open-lightbox=\"yes\" data-elementor-lightbox-slideshow=\"d3611b3\" data-elementor-lightbox-title=\"Schmiede im Herbst\" data-e-action-hash=\"#elementor-action%3Aaction%3Dlightbox%26settings%3DeyJpZCI6NDk1OCwidXJsIjoiaHR0cHM6XC9cL2dlYmlyZ3N2ZXJlaW4xODgwZXYuZGVcL3dwLWNvbnRlbnRcL3VwbG9hZHNcL1NjaG1pZWRlLWltLUhlcmJzdC5qcGciLCJzbGlkZXNob3ciOiJkMzYxMWIzIn0%3D\" href='https:\/\/gebirgsverein1880ev.de\/wp-content\/uploads\/Schmiede-im-Herbst.jpg'><img decoding=\"async\" width=\"319\" height=\"425\" src=\"https:\/\/gebirgsverein1880ev.de\/wp-content\/uploads\/Schmiede-im-Herbst.jpg\" class=\"attachment-2048x2048 size-2048x2048\" alt=\"\" aria-describedby=\"gallery-1-4958\" srcset=\"https:\/\/gebirgsverein1880ev.de\/wp-content\/uploads\/Schmiede-im-Herbst.jpg 319w, https:\/\/gebirgsverein1880ev.de\/wp-content\/uploads\/Schmiede-im-Herbst-225x300.jpg 225w\" sizes=\"(max-width: 319px) 100vw, 319px\" \/><\/a>\n\t\t\t<\/div>\n\t\t\t\t<figcaption class='wp-caption-text gallery-caption' id='gallery-1-4958'>\n\t\t\t\tSchmiede im Herbst\n\t\t\t\t<\/figcaption><\/figure>\n\t\t<\/div>\n\t\t<\/div>\n\t\t\t\t\t\t<\/div>\n\t\t\t\t<\/div>\n\t\t\t\t<div class=\"elementor-element elementor-element-d34d80e gallery-spacing-custom elementor-widget elementor-widget-image-gallery\" data-id=\"d34d80e\" data-element_type=\"widget\" data-widget_type=\"image-gallery.default\">\n\t\t\t\t<div class=\"elementor-widget-container\">\n\t\t\t\t\t\t\t<div class=\"elementor-image-gallery\">\n\t\t\t<div id='gallery-2' class='gallery galleryid-5117 gallery-columns-2 gallery-size-medium_large'><figure class='gallery-item'>\n\t\t\t<div class='gallery-icon landscape'>\n\t\t\t\t<a data-elementor-open-lightbox=\"yes\" data-elementor-lightbox-slideshow=\"d34d80e\" data-elementor-lightbox-title=\"F\u00fchrung in der Schmiede\" data-e-action-hash=\"#elementor-action%3Aaction%3Dlightbox%26settings%3DeyJpZCI6NDk3MywidXJsIjoiaHR0cHM6XC9cL2dlYmlyZ3N2ZXJlaW4xODgwZXYuZGVcL3dwLWNvbnRlbnRcL3VwbG9hZHNcL3N0ZWluYnJ1Y2hzY2htaWVkZS1HYWVzdGUtc2NhbGVkLTEuanBnIiwic2xpZGVzaG93IjoiZDM0ZDgwZSJ9\" href='https:\/\/gebirgsverein1880ev.de\/wp-content\/uploads\/steinbruchschmiede-Gaeste-scaled-1.jpg'><img loading=\"lazy\" decoding=\"async\" width=\"768\" height=\"432\" src=\"https:\/\/gebirgsverein1880ev.de\/wp-content\/uploads\/steinbruchschmiede-Gaeste-scaled-1-768x432.jpg\" class=\"attachment-medium_large size-medium_large\" alt=\"\" aria-describedby=\"gallery-2-4973\" srcset=\"https:\/\/gebirgsverein1880ev.de\/wp-content\/uploads\/steinbruchschmiede-Gaeste-scaled-1-768x432.jpg 768w, https:\/\/gebirgsverein1880ev.de\/wp-content\/uploads\/steinbruchschmiede-Gaeste-scaled-1-300x169.jpg 300w, https:\/\/gebirgsverein1880ev.de\/wp-content\/uploads\/steinbruchschmiede-Gaeste-scaled-1-1024x576.jpg 1024w, https:\/\/gebirgsverein1880ev.de\/wp-content\/uploads\/steinbruchschmiede-Gaeste-scaled-1-1536x864.jpg 1536w, https:\/\/gebirgsverein1880ev.de\/wp-content\/uploads\/steinbruchschmiede-Gaeste-scaled-1-2048x1152.jpg 2048w\" sizes=\"(max-width: 768px) 100vw, 768px\" \/><\/a>\n\t\t\t<\/div>\n\t\t\t\t<figcaption class='wp-caption-text gallery-caption' id='gallery-2-4973'>\n\t\t\t\tF\u00fchrung in der Schmiede\n\t\t\t\t<\/figcaption><\/figure><figure class='gallery-item'>\n\t\t\t<div class='gallery-icon landscape'>\n\t\t\t\t<a data-elementor-open-lightbox=\"yes\" data-elementor-lightbox-slideshow=\"d34d80e\" data-elementor-lightbox-title=\"F\u00fchrung in der Schmiede\" data-e-action-hash=\"#elementor-action%3Aaction%3Dlightbox%26settings%3DeyJpZCI6NDk3NiwidXJsIjoiaHR0cHM6XC9cL2dlYmlyZ3N2ZXJlaW4xODgwZXYuZGVcL3dwLWNvbnRlbnRcL3VwbG9hZHNcL1N0ZWluYnJ1Y2hzY2htaWVkZS1pbm5lbi0zLXNjYWxlZC0xLmpwZyIsInNsaWRlc2hvdyI6ImQzNGQ4MGUifQ%3D%3D\" href='https:\/\/gebirgsverein1880ev.de\/wp-content\/uploads\/Steinbruchschmiede-innen-3-scaled-1.jpg'><img loading=\"lazy\" decoding=\"async\" width=\"768\" height=\"432\" src=\"https:\/\/gebirgsverein1880ev.de\/wp-content\/uploads\/Steinbruchschmiede-innen-3-scaled-1-768x432.jpg\" class=\"attachment-medium_large size-medium_large\" alt=\"\" aria-describedby=\"gallery-2-4976\" srcset=\"https:\/\/gebirgsverein1880ev.de\/wp-content\/uploads\/Steinbruchschmiede-innen-3-scaled-1-768x432.jpg 768w, https:\/\/gebirgsverein1880ev.de\/wp-content\/uploads\/Steinbruchschmiede-innen-3-scaled-1-300x169.jpg 300w, https:\/\/gebirgsverein1880ev.de\/wp-content\/uploads\/Steinbruchschmiede-innen-3-scaled-1-1024x576.jpg 1024w, https:\/\/gebirgsverein1880ev.de\/wp-content\/uploads\/Steinbruchschmiede-innen-3-scaled-1-1536x864.jpg 1536w, https:\/\/gebirgsverein1880ev.de\/wp-content\/uploads\/Steinbruchschmiede-innen-3-scaled-1-2048x1152.jpg 2048w\" sizes=\"(max-width: 768px) 100vw, 768px\" \/><\/a>\n\t\t\t<\/div>\n\t\t\t\t<figcaption class='wp-caption-text gallery-caption' id='gallery-2-4976'>\n\t\t\t\tSchmiede Heute\n\t\t\t\t<\/figcaption><\/figure><figure class='gallery-item'>\n\t\t\t<div class='gallery-icon landscape'>\n\t\t\t\t<a data-elementor-open-lightbox=\"yes\" data-elementor-lightbox-slideshow=\"d34d80e\" data-elementor-lightbox-title=\"F\u00fchrung in der Schmiede\" data-e-action-hash=\"#elementor-action%3Aaction%3Dlightbox%26settings%3DeyJpZCI6NDk2MSwidXJsIjoiaHR0cHM6XC9cL2dlYmlyZ3N2ZXJlaW4xODgwZXYuZGVcL3dwLWNvbnRlbnRcL3VwbG9hZHNcL2pvbnNkb3JmZXItbXVlaGxlLXN0ZWluYnJ1ZWNoZS5qcGciLCJzbGlkZXNob3ciOiJkMzRkODBlIn0%3D\" href='https:\/\/gebirgsverein1880ev.de\/wp-content\/uploads\/jonsdorfer-muehle-steinbrueche.jpg'><img loading=\"lazy\" decoding=\"async\" width=\"504\" height=\"346\" src=\"https:\/\/gebirgsverein1880ev.de\/wp-content\/uploads\/jonsdorfer-muehle-steinbrueche.jpg\" class=\"attachment-medium_large size-medium_large\" alt=\"\" srcset=\"https:\/\/gebirgsverein1880ev.de\/wp-content\/uploads\/jonsdorfer-muehle-steinbrueche.jpg 504w, https:\/\/gebirgsverein1880ev.de\/wp-content\/uploads\/jonsdorfer-muehle-steinbrueche-300x206.jpg 300w\" sizes=\"(max-width: 504px) 100vw, 504px\" \/><\/a>\n\t\t\t<\/div><\/figure><figure class='gallery-item'>\n\t\t\t<div class='gallery-icon landscape'>\n\t\t\t\t<a data-elementor-open-lightbox=\"yes\" data-elementor-lightbox-slideshow=\"d34d80e\" data-elementor-lightbox-title=\"Historische Aufnahme\" data-e-action-hash=\"#elementor-action%3Aaction%3Dlightbox%26settings%3DeyJpZCI6NDk2NCwidXJsIjoiaHR0cHM6XC9cL2dlYmlyZ3N2ZXJlaW4xODgwZXYuZGVcL3dwLWNvbnRlbnRcL3VwbG9hZHNcL2pvbnNkb3JmZXItbXVlaGxlLXN0ZWluYnJ1ZWNoZS1iaWxkLTIuanBnIiwic2xpZGVzaG93IjoiZDM0ZDgwZSJ9\" href='https:\/\/gebirgsverein1880ev.de\/wp-content\/uploads\/jonsdorfer-muehle-steinbrueche-bild-2.jpg'><img loading=\"lazy\" decoding=\"async\" width=\"504\" height=\"346\" src=\"https:\/\/gebirgsverein1880ev.de\/wp-content\/uploads\/jonsdorfer-muehle-steinbrueche-bild-2.jpg\" class=\"attachment-medium_large size-medium_large\" alt=\"\" srcset=\"https:\/\/gebirgsverein1880ev.de\/wp-content\/uploads\/jonsdorfer-muehle-steinbrueche-bild-2.jpg 504w, https:\/\/gebirgsverein1880ev.de\/wp-content\/uploads\/jonsdorfer-muehle-steinbrueche-bild-2-300x206.jpg 300w\" sizes=\"(max-width: 504px) 100vw, 504px\" \/><\/a>\n\t\t\t<\/div><\/figure><figure class='gallery-item'>\n\t\t\t<div class='gallery-icon landscape'>\n\t\t\t\t<a data-elementor-open-lightbox=\"yes\" data-elementor-lightbox-slideshow=\"d34d80e\" data-elementor-lightbox-title=\"Historische Aufnahme\" data-e-action-hash=\"#elementor-action%3Aaction%3Dlightbox%26settings%3DeyJpZCI6NDk2NywidXJsIjoiaHR0cHM6XC9cL2dlYmlyZ3N2ZXJlaW4xODgwZXYuZGVcL3dwLWNvbnRlbnRcL3VwbG9hZHNcL2pvbnNkb3JmZXItbXVlaGxlLXN0ZWluYnJ1ZWNoZS1iaWxkLTMuanBnIiwic2xpZGVzaG93IjoiZDM0ZDgwZSJ9\" href='https:\/\/gebirgsverein1880ev.de\/wp-content\/uploads\/jonsdorfer-muehle-steinbrueche-bild-3.jpg'><img loading=\"lazy\" decoding=\"async\" width=\"504\" height=\"346\" src=\"https:\/\/gebirgsverein1880ev.de\/wp-content\/uploads\/jonsdorfer-muehle-steinbrueche-bild-3.jpg\" class=\"attachment-medium_large size-medium_large\" alt=\"\" srcset=\"https:\/\/gebirgsverein1880ev.de\/wp-content\/uploads\/jonsdorfer-muehle-steinbrueche-bild-3.jpg 504w, https:\/\/gebirgsverein1880ev.de\/wp-content\/uploads\/jonsdorfer-muehle-steinbrueche-bild-3-300x206.jpg 300w\" sizes=\"(max-width: 504px) 100vw, 504px\" \/><\/a>\n\t\t\t<\/div><\/figure><figure class='gallery-item'>\n\t\t\t<div class='gallery-icon landscape'>\n\t\t\t\t<a data-elementor-open-lightbox=\"yes\" data-elementor-lightbox-slideshow=\"d34d80e\" data-elementor-lightbox-title=\"Historische Aufnahme\" data-e-action-hash=\"#elementor-action%3Aaction%3Dlightbox%26settings%3DeyJpZCI6NDk3MCwidXJsIjoiaHR0cHM6XC9cL2dlYmlyZ3N2ZXJlaW4xODgwZXYuZGVcL3dwLWNvbnRlbnRcL3VwbG9hZHNcL2pvbnNkb3JmZXItbXVlaGxlLXN0ZWluYnJ1ZWNoZS1iaWxkLTQuanBnIiwic2xpZGVzaG93IjoiZDM0ZDgwZSJ9\" href='https:\/\/gebirgsverein1880ev.de\/wp-content\/uploads\/jonsdorfer-muehle-steinbrueche-bild-4.jpg'><img loading=\"lazy\" decoding=\"async\" width=\"504\" height=\"346\" src=\"https:\/\/gebirgsverein1880ev.de\/wp-content\/uploads\/jonsdorfer-muehle-steinbrueche-bild-4.jpg\" class=\"attachment-medium_large size-medium_large\" alt=\"\" srcset=\"https:\/\/gebirgsverein1880ev.de\/wp-content\/uploads\/jonsdorfer-muehle-steinbrueche-bild-4.jpg 504w, https:\/\/gebirgsverein1880ev.de\/wp-content\/uploads\/jonsdorfer-muehle-steinbrueche-bild-4-300x206.jpg 300w\" sizes=\"(max-width: 504px) 100vw, 504px\" \/><\/a>\n\t\t\t<\/div><\/figure>\n\t\t<\/div>\n\t\t<\/div>\n\t\t\t\t\t\t<\/div>\n\t\t\t\t<\/div>\n\t\t\t\t<\/div>\n\t\t\t\t\t<\/div>\n\t\t\t\t<\/div>\n\t\t<div class=\"elementor-element elementor-element-53123ba e-flex e-con-boxed e-con e-parent\" data-id=\"53123ba\" data-element_type=\"container\" data-settings=\"{&quot;background_background&quot;:&quot;classic&quot;}\">\n\t\t\t\t\t<div class=\"e-con-inner\">\n\t\t<div class=\"elementor-element elementor-element-63c8087 e-con-full e-flex e-con e-child\" data-id=\"63c8087\" data-element_type=\"container\">\n\t\t\t\t<div class=\"elementor-element elementor-element-f4cf2de gallery-spacing-custom elementor-widget elementor-widget-image-gallery\" data-id=\"f4cf2de\" data-element_type=\"widget\" data-widget_type=\"image-gallery.default\">\n\t\t\t\t<div class=\"elementor-widget-container\">\n\t\t\t\t\t\t\t<div class=\"elementor-image-gallery\">\n\t\t\t<div id='gallery-3' class='gallery galleryid-5117 gallery-columns-1 gallery-size-full'><figure class='gallery-item'>\n\t\t\t<div class='gallery-icon landscape'>\n\t\t\t\t<a data-elementor-open-lightbox=\"yes\" data-elementor-lightbox-slideshow=\"f4cf2de\" data-e-action-hash=\"#elementor-action%3Aaction%3Dlightbox%26settings%3DeyJpZCI6NDk3OSwidXJsIjoiaHR0cHM6XC9cL2dlYmlyZ3N2ZXJlaW4xODgwZXYuZGVcL3dwLWNvbnRlbnRcL3VwbG9hZHNcL3NjaGF1YmVyZ3dlcmstMi5qcGciLCJzbGlkZXNob3ciOiJmNGNmMmRlIn0%3D\" href='https:\/\/gebirgsverein1880ev.de\/wp-content\/uploads\/schaubergwerk-2.jpg'><img loading=\"lazy\" decoding=\"async\" width=\"735\" height=\"495\" src=\"https:\/\/gebirgsverein1880ev.de\/wp-content\/uploads\/schaubergwerk-2.jpg\" class=\"attachment-full size-full\" alt=\"\" srcset=\"https:\/\/gebirgsverein1880ev.de\/wp-content\/uploads\/schaubergwerk-2.jpg 735w, https:\/\/gebirgsverein1880ev.de\/wp-content\/uploads\/schaubergwerk-2-300x202.jpg 300w\" sizes=\"(max-width: 735px) 100vw, 735px\" \/><\/a>\n\t\t\t<\/div><\/figure><figure class='gallery-item'>\n\t\t\t<div class='gallery-icon landscape'>\n\t\t\t\t<a data-elementor-open-lightbox=\"yes\" data-elementor-lightbox-slideshow=\"f4cf2de\" data-e-action-hash=\"#elementor-action%3Aaction%3Dlightbox%26settings%3DeyJpZCI6NDk4NSwidXJsIjoiaHR0cHM6XC9cL2dlYmlyZ3N2ZXJlaW4xODgwZXYuZGVcL3dwLWNvbnRlbnRcL3VwbG9hZHNcL3NjaGF1YmVyZ3dlcmstYmlsZC0xLmpwZyIsInNsaWRlc2hvdyI6ImY0Y2YyZGUifQ%3D%3D\" href='https:\/\/gebirgsverein1880ev.de\/wp-content\/uploads\/schaubergwerk-bild-1.jpg'><img loading=\"lazy\" decoding=\"async\" width=\"735\" height=\"495\" src=\"https:\/\/gebirgsverein1880ev.de\/wp-content\/uploads\/schaubergwerk-bild-1.jpg\" class=\"attachment-full size-full\" alt=\"\" srcset=\"https:\/\/gebirgsverein1880ev.de\/wp-content\/uploads\/schaubergwerk-bild-1.jpg 735w, https:\/\/gebirgsverein1880ev.de\/wp-content\/uploads\/schaubergwerk-bild-1-300x202.jpg 300w\" sizes=\"(max-width: 735px) 100vw, 735px\" \/><\/a>\n\t\t\t<\/div><\/figure><figure class='gallery-item'>\n\t\t\t<div class='gallery-icon landscape'>\n\t\t\t\t<a data-elementor-open-lightbox=\"yes\" data-elementor-lightbox-slideshow=\"f4cf2de\" data-e-action-hash=\"#elementor-action%3Aaction%3Dlightbox%26settings%3DeyJpZCI6NDk4MiwidXJsIjoiaHR0cHM6XC9cL2dlYmlyZ3N2ZXJlaW4xODgwZXYuZGVcL3dwLWNvbnRlbnRcL3VwbG9hZHNcL3NjaGF1YmVyZ3dlcmstMy0xLmpwZyIsInNsaWRlc2hvdyI6ImY0Y2YyZGUifQ%3D%3D\" href='https:\/\/gebirgsverein1880ev.de\/wp-content\/uploads\/schaubergwerk-3-1.jpg'><img loading=\"lazy\" decoding=\"async\" width=\"800\" height=\"600\" src=\"https:\/\/gebirgsverein1880ev.de\/wp-content\/uploads\/schaubergwerk-3-1.jpg\" class=\"attachment-full size-full\" alt=\"\" srcset=\"https:\/\/gebirgsverein1880ev.de\/wp-content\/uploads\/schaubergwerk-3-1.jpg 800w, https:\/\/gebirgsverein1880ev.de\/wp-content\/uploads\/schaubergwerk-3-1-300x225.jpg 300w, https:\/\/gebirgsverein1880ev.de\/wp-content\/uploads\/schaubergwerk-3-1-768x576.jpg 768w\" sizes=\"(max-width: 800px) 100vw, 800px\" \/><\/a>\n\t\t\t<\/div><\/figure>\n\t\t<\/div>\n\t\t<\/div>\n\t\t\t\t\t\t<\/div>\n\t\t\t\t<\/div>\n\t\t\t\t<\/div>\n\t\t<div class=\"elementor-element elementor-element-7b6fd95 e-con-full e-flex e-con e-child\" data-id=\"7b6fd95\" data-element_type=\"container\">\n\t\t\t\t<div class=\"elementor-element elementor-element-33c3963 elementor-widget elementor-widget-heading\" data-id=\"33c3963\" data-element_type=\"widget\" data-widget_type=\"heading.default\">\n\t\t\t\t<div class=\"elementor-widget-container\">\n\t\t\t\t\t<h2 class=\"elementor-heading-title elementor-size-default\">Od lomu k v\u00fdstavn\u00edmu dolu<\/h2>\t\t\t\t<\/div>\n\t\t\t\t<\/div>\n\t\t\t\t<div class=\"elementor-element elementor-element-6b99404 elementor-widget elementor-widget-text-editor\" data-id=\"6b99404\" data-element_type=\"widget\" data-widget_type=\"text-editor.default\">\n\t\t\t\t<div class=\"elementor-widget-container\">\n\t\t\t\t\t\t\t\t\t<p>Lomy na ml\u00fdnsk\u00e9 kameny jsou <strong>geologicky velmi cennou oblast\u00ed<\/strong>. Je zde k vid\u011bn\u00ed \u0159ada vulkanick\u00fdch \u00fatvar\u016f. <\/p>\n<p>Tyto zvl\u00e1\u0161tnosti se objevily a\u017e po otev\u0159en\u00ed lom\u016f. P\u0159i tro\u0161e \u0161t\u011bst\u00ed m\u016f\u017eete nap\u0159\u00edklad objevit zvl\u00e1\u0161tn\u00ed zkamen\u011bl\u00fd otisk. Zaj\u00edmav\u00fd je samoz\u0159ejm\u011b i sloupcovit\u00fd \u010dedi\u010d (nap\u0159. u varhann\u00edch skal) a mnoho dal\u0161\u00edho.    <\/p>\n\t\t\t\t\t\t\t\t<\/div>\n\t\t\t\t<\/div>\n\t\t\t\t<div class=\"elementor-element elementor-element-8a7e040 elementor-widget elementor-widget-text-editor\" data-id=\"8a7e040\" data-element_type=\"widget\" data-widget_type=\"text-editor.default\">\n\t\t\t\t<div class=\"elementor-widget-container\">\n\t\t\t\t\t\t\t\t\t<p>V 50. letech 20. stolet\u00ed zde nad\u0161enci pro p\u0159\u00edrodu a m\u00edstn\u00ed historii vybudovali <strong>nau\u010dnou stezku<\/strong>. <span style=\"font-style: inherit; font-weight: inherit; color: var( --e-global-color-astglobalcolor3 ); text-align: var(--text-align); background-color: var( --e-global-color-astglobalcolor5 );\">Od roku 1990 byly lomy rekultivov\u00e1ny a zp\u0159\u00edstupn\u011bny pro p\u011b\u0161\u00ed v\u00fdlety. <\/span><span style=\"font-style: inherit; font-weight: inherit; color: var( --e-global-color-astglobalcolor3 ); text-align: var(--text-align); background-color: var( --e-global-color-astglobalcolor5 );\">V roce 2002 byl<strong> lom &#8222;Schwarzes Loch&#8220;<\/strong> p\u0159em\u011bn\u011bn na <strong>uk\u00e1zkov\u00fd d\u016fl<\/strong> <\/span><span style=\"font-style: inherit; font-weight: inherit; color: var( --e-global-color-astglobalcolor3 ); text-align: var(--text-align); background-color: var( --e-global-color-astglobalcolor5 );\">, kter\u00fd m\u00e1 pomoc\u00ed expon\u00e1t\u016f dokumentovat t\u011b\u017ebu ml\u00fdnsk\u00fdch kamen\u016f.<\/span><\/p>\n\t\t\t\t\t\t\t\t<\/div>\n\t\t\t\t<\/div>\n\t\t\t\t<\/div>\n\t\t\t\t\t<\/div>\n\t\t\t\t<\/div>\n\t\t<div class=\"elementor-element elementor-element-ff97ee3 e-flex e-con-boxed e-con e-parent\" data-id=\"ff97ee3\" data-element_type=\"container\" data-settings=\"{&quot;background_background&quot;:&quot;classic&quot;}\">\n\t\t\t\t\t<div class=\"e-con-inner\">\n\t\t<div class=\"elementor-element elementor-element-0201ed8 e-con-full e-flex e-con e-child\" data-id=\"0201ed8\" data-element_type=\"container\">\n\t\t\t\t<div class=\"elementor-element elementor-element-ff73f90 elementor-widget elementor-widget-menu-anchor\" data-id=\"ff73f90\" data-element_type=\"widget\" data-widget_type=\"menu-anchor.default\">\n\t\t\t\t<div class=\"elementor-widget-container\">\n\t\t\t\t\t\t\t<div class=\"elementor-menu-anchor\" id=\"pruvodci\"><\/div>\n\t\t\t\t\t\t<\/div>\n\t\t\t\t<\/div>\n\t\t\t\t<div class=\"elementor-element elementor-element-ce1e84e elementor-widget elementor-widget-heading\" data-id=\"ce1e84e\" data-element_type=\"widget\" data-widget_type=\"heading.default\">\n\t\t\t\t<div class=\"elementor-widget-container\">\n\t\t\t\t\t<h2 class=\"elementor-heading-title elementor-size-default\">Prohl\u00eddky v\u00fdstavn\u00edho dolu s pr\u016fvodcem<\/h2>\t\t\t\t<\/div>\n\t\t\t\t<\/div>\n\t\t\t\t<div class=\"elementor-element elementor-element-c4146a1 elementor-widget elementor-widget-text-editor\" data-id=\"c4146a1\" data-element_type=\"widget\" data-widget_type=\"text-editor.default\">\n\t\t\t\t<div class=\"elementor-widget-container\">\n\t\t\t\t\t\t\t\t\t<p>Uk\u00e1zkov\u00fd d\u016fl nen\u00ed kv\u016fli b\u00e1\u0148sk\u00fdm p\u0159edpis\u016fm p\u0159\u00edstupn\u00fd ve\u0159ejnosti. N\u00e1v\u0161t\u011bva je mo\u017en\u00e1 b\u011bhem p\u011b\u0161\u00edch v\u00fdlet\u016f s pr\u016fvodcem. D\u00e9lka t\u00fary s nau\u010dnou stezkou, uk\u00e1zkov\u00fdm dolem a Steenbruchschmiede je 3 hodiny.  <\/p>\n<p><span style=\"background-color: var( --e-global-color-astglobalcolor5 ); color: var(--ast-global-color-3); font-style: inherit; font-weight: inherit; text-align: var(--text-align);\"> <\/span><\/p>\n\t\t\t\t\t\t\t\t<\/div>\n\t\t\t\t<\/div>\n\t\t\t\t<div class=\"elementor-element elementor-element-283ba85 elementor-widget elementor-widget-text-editor\" data-id=\"283ba85\" data-element_type=\"widget\" data-widget_type=\"text-editor.default\">\n\t\t\t\t<div class=\"elementor-widget-container\">\n\t\t\t\t\t\t\t\t\t<p><span style=\"text-decoration: underline;\"><strong>Ceny za prohl\u00eddky s pr\u016fvodcem<\/strong><\/span><br \/><strong>Dosp\u011bl\u00ed od 18 let &#8211; 7,50 \u20ac<\/strong><br \/><strong>D\u011bti (od 6 do 14 let) &#8211; 2,00 \u20ac<\/strong><\/p>\n\t\t\t\t\t\t\t\t<\/div>\n\t\t\t\t<\/div>\n\t\t\t\t<div class=\"elementor-element elementor-element-6bf96ac elementor-widget elementor-widget-text-editor\" data-id=\"6bf96ac\" data-element_type=\"widget\" data-widget_type=\"text-editor.default\">\n\t\t\t\t<div class=\"elementor-widget-container\">\n\t\t\t\t\t\t\t\t\t<p>Prohl\u00eddky s pr\u016fvodcem se konaj\u00ed <strong>od 1. kv\u011btna do 31. \u0159\u00edjna<\/strong> v n\u00e1sleduj\u00edc\u00edch dnech:<\/p>\n<ul>\n<li>St\u0159eda 14:00 z klubovny \/ hv\u011bzd\u00e1rny<\/li>\n<li>sobota 14:00 z klubovny \/ hv\u011bzd\u00e1rny<\/li>\n<\/ul>\n\t\t\t\t\t\t\t\t<\/div>\n\t\t\t\t<\/div>\n\t\t\t\t<div class=\"elementor-element elementor-element-498214a elementor-widget elementor-widget-text-editor\" data-id=\"498214a\" data-element_type=\"widget\" data-widget_type=\"text-editor.default\">\n\t\t\t\t<div class=\"elementor-widget-container\">\n\t\t\t\t\t\t\t\t\t<p><strong>Nen\u00ed nutn\u00e9 se p\u0159edem objedn\u00e1vat. Prohl\u00eddky s pr\u016fvodcem se konaj\u00ed, kdy\u017e se sejde 5 dosp\u011bl\u00fdch \u00fa\u010dastn\u00edk\u016f. <\/strong><\/p>\n\t\t\t\t\t\t\t\t<\/div>\n\t\t\t\t<\/div>\n\t\t\t\t<div class=\"elementor-element elementor-element-0669468 elementor-widget-divider--view-line elementor-widget elementor-widget-divider\" data-id=\"0669468\" data-element_type=\"widget\" data-widget_type=\"divider.default\">\n\t\t\t\t<div class=\"elementor-widget-container\">\n\t\t\t\t\t\t\t<div class=\"elementor-divider\">\n\t\t\t<span class=\"elementor-divider-separator\">\n\t\t\t\t\t\t<\/span>\n\t\t<\/div>\n\t\t\t\t\t\t<\/div>\n\t\t\t\t<\/div>\n\t\t\t\t<div class=\"elementor-element elementor-element-3cb9ff8 elementor-widget elementor-widget-text-editor\" data-id=\"3cb9ff8\" data-element_type=\"widget\" data-widget_type=\"text-editor.default\">\n\t\t\t\t<div class=\"elementor-widget-container\">\n\t\t\t\t\t\t\t\t\t<p><span style=\"text-decoration: underline;\">Skupiny v\u00edce ne\u017e 20 osob:<\/span><\/p>\n<p>P\u0159edb\u011b\u017en\u00e1 registrace po telefonu je nutn\u00e1.  <\/p>\n<p>Telefon: 0175 4157635<\/p>\n<p>V\u00fdstavn\u00ed d\u016fl si lze pronajmout i pro komorn\u00ed skupinov\u00e9 akce.<\/p>\n<p>Dal\u0161\u00ed informace z\u00edsk\u00e1te na telefonn\u00edm \u010d\u00edsle: 0175 4157635.<\/p>\n\t\t\t\t\t\t\t\t<\/div>\n\t\t\t\t<\/div>\n\t\t\t\t<\/div>\n\t\t<div class=\"elementor-element elementor-element-7c65d81 e-con-full e-flex e-con e-child\" data-id=\"7c65d81\" data-element_type=\"container\">\n\t\t\t\t<div class=\"elementor-element elementor-element-b9c9ae7 gallery-spacing-custom elementor-widget elementor-widget-image-gallery\" data-id=\"b9c9ae7\" data-element_type=\"widget\" data-widget_type=\"image-gallery.default\">\n\t\t\t\t<div class=\"elementor-widget-container\">\n\t\t\t\t\t\t\t<div class=\"elementor-image-gallery\">\n\t\t\t<div id='gallery-4' class='gallery galleryid-5117 gallery-columns-1 gallery-size-full'><figure class='gallery-item'>\n\t\t\t<div class='gallery-icon portrait'>\n\t\t\t\t<a data-elementor-open-lightbox=\"yes\" data-elementor-lightbox-slideshow=\"b9c9ae7\" data-e-action-hash=\"#elementor-action%3Aaction%3Dlightbox%26settings%3DeyJpZCI6NDk4OCwidXJsIjoiaHR0cHM6XC9cL2dlYmlyZ3N2ZXJlaW4xODgwZXYuZGVcL3dwLWNvbnRlbnRcL3VwbG9hZHNcL1NjaHdhcnplc0xvY2h2b25ub3JkLmpwZyIsInNsaWRlc2hvdyI6ImI5YzlhZTcifQ%3D%3D\" href='https:\/\/gebirgsverein1880ev.de\/wp-content\/uploads\/SchwarzesLochvonnord.jpg'><img loading=\"lazy\" decoding=\"async\" width=\"923\" height=\"1212\" src=\"https:\/\/gebirgsverein1880ev.de\/wp-content\/uploads\/SchwarzesLochvonnord.jpg\" class=\"attachment-full size-full\" alt=\"\" srcset=\"https:\/\/gebirgsverein1880ev.de\/wp-content\/uploads\/SchwarzesLochvonnord.jpg 923w, https:\/\/gebirgsverein1880ev.de\/wp-content\/uploads\/SchwarzesLochvonnord-228x300.jpg 228w, https:\/\/gebirgsverein1880ev.de\/wp-content\/uploads\/SchwarzesLochvonnord-780x1024.jpg 780w, https:\/\/gebirgsverein1880ev.de\/wp-content\/uploads\/SchwarzesLochvonnord-768x1008.jpg 768w\" sizes=\"(max-width: 923px) 100vw, 923px\" \/><\/a>\n\t\t\t<\/div><\/figure><figure class='gallery-item'>\n\t\t\t<div class='gallery-icon landscape'>\n\t\t\t\t<a data-elementor-open-lightbox=\"yes\" data-elementor-lightbox-slideshow=\"b9c9ae7\" data-e-action-hash=\"#elementor-action%3Aaction%3Dlightbox%26settings%3DeyJpZCI6NDk5MSwidXJsIjoiaHR0cHM6XC9cL2dlYmlyZ3N2ZXJlaW4xODgwZXYuZGVcL3dwLWNvbnRlbnRcL3VwbG9hZHNcL1ZlcmVpbnNmZXN0RmxpbnRzdG9uZXMtc2NhbGVkLTEuanBnIiwic2xpZGVzaG93IjoiYjljOWFlNyJ9\" href='https:\/\/gebirgsverein1880ev.de\/wp-content\/uploads\/VereinsfestFlintstones-scaled-1.jpg'><img loading=\"lazy\" decoding=\"async\" width=\"2560\" height=\"1920\" src=\"https:\/\/gebirgsverein1880ev.de\/wp-content\/uploads\/VereinsfestFlintstones-scaled-1.jpg\" class=\"attachment-full size-full\" alt=\"\" srcset=\"https:\/\/gebirgsverein1880ev.de\/wp-content\/uploads\/VereinsfestFlintstones-scaled-1.jpg 2560w, https:\/\/gebirgsverein1880ev.de\/wp-content\/uploads\/VereinsfestFlintstones-scaled-1-300x225.jpg 300w, https:\/\/gebirgsverein1880ev.de\/wp-content\/uploads\/VereinsfestFlintstones-scaled-1-1024x768.jpg 1024w, https:\/\/gebirgsverein1880ev.de\/wp-content\/uploads\/VereinsfestFlintstones-scaled-1-768x576.jpg 768w, https:\/\/gebirgsverein1880ev.de\/wp-content\/uploads\/VereinsfestFlintstones-scaled-1-1536x1152.jpg 1536w, https:\/\/gebirgsverein1880ev.de\/wp-content\/uploads\/VereinsfestFlintstones-scaled-1-2048x1536.jpg 2048w\" sizes=\"(max-width: 2560px) 100vw, 2560px\" \/><\/a>\n\t\t\t<\/div><\/figure>\n\t\t<\/div>\n\t\t<\/div>\n\t\t\t\t\t\t<\/div>\n\t\t\t\t<\/div>\n\t\t\t\t<\/div>\n\t\t\t\t\t<\/div>\n\t\t\t\t<\/div>\n\t\t\t\t<\/div>\n\t\t","protected":false},"excerpt":{"rendered":"<p>Uk\u00e1zat m\u016fj Uk\u00e1zat m\u016fj V\u00fdstavn\u00ed d\u016fl se nach\u00e1z\u00ed v oblasti jonsdorfsk\u00fdch ml\u00fdnsk\u00fdch kamen\u016f v \u017ditavsk\u00fdch hor\u00e1ch, d\u0159\u00edve zn\u00e1m\u00fdch jako Lu\u017eick\u00fd h\u0159bet. Jedn\u00e1 se o n\u011bmeckou \u010d\u00e1st Lu\u017eick\u00fdch hor t\u00e1hnouc\u00ed se pod\u00e9l sasko-\u010desk\u00e9 hranice na krajn\u00edm jihov\u00fdchod\u011b Saska. M\u00e1 maxim\u00e1ln\u00ed v\u00fd\u0161ku 792,6 m n. m. (Lu\u017e), je sou\u010d\u00e1st\u00ed Sudetsk\u00e9ho h\u0159ebene a je nejmen\u0161\u00edm (a nejkr\u00e1sn\u011bj\u0161\u00edm) poho\u0159\u00edm [&hellip;]<\/p>\n","protected":false},"author":1,"featured_media":0,"parent":0,"menu_order":0,"comment_status":"closed","ping_status":"closed","template":"","meta":{"site-sidebar-layout":"no-sidebar","site-content-layout":"page-builder","ast-site-content-layout":"full-width-container","site-content-style":"unboxed","site-sidebar-style":"unboxed","ast-global-header-display":"","ast-banner-title-visibility":"","ast-main-header-display":"","ast-hfb-above-header-display":"","ast-hfb-below-header-display":"","ast-hfb-mobile-header-display":"","site-post-title":"disabled","ast-breadcrumbs-content":"","ast-featured-img":"disabled","footer-sml-layout":"","theme-transparent-header-meta":"enabled","adv-header-id-meta":"","stick-header-meta":"","header-above-stick-meta":"","header-main-stick-meta":"","header-below-stick-meta":"","astra-migrate-meta-layouts":"default","ast-page-background-enabled":"default","ast-page-background-meta":{"desktop":{"background-color":"var(--ast-global-color-4)","background-image":"","background-repeat":"repeat","background-position":"center center","background-size":"auto","background-attachment":"scroll","background-type":"","background-media":"","overlay-type":"","overlay-color":"","overlay-opacity":"","overlay-gradient":""},"tablet":{"background-color":"","background-image":"","background-repeat":"repeat","background-position":"center center","background-size":"auto","background-attachment":"scroll","background-type":"","background-media":"","overlay-type":"","overlay-color":"","overlay-opacity":"","overlay-gradient":""},"mobile":{"background-color":"","background-image":"","background-repeat":"repeat","background-position":"center center","background-size":"auto","background-attachment":"scroll","background-type":"","background-media":"","overlay-type":"","overlay-color":"","overlay-opacity":"","overlay-gradient":""}},"ast-content-background-meta":{"desktop":{"background-color":"var(--ast-global-color-5)","background-image":"","background-repeat":"repeat","background-position":"center center","background-size":"auto","background-attachment":"scroll","background-type":"","background-media":"","overlay-type":"","overlay-color":"","overlay-opacity":"","overlay-gradient":""},"tablet":{"background-color":"var(--ast-global-color-5)","background-image":"","background-repeat":"repeat","background-position":"center center","background-size":"auto","background-attachment":"scroll","background-type":"","background-media":"","overlay-type":"","overlay-color":"","overlay-opacity":"","overlay-gradient":""},"mobile":{"background-color":"var(--ast-global-color-5)","background-image":"","background-repeat":"repeat","background-position":"center center","background-size":"auto","background-attachment":"scroll","background-type":"","background-media":"","overlay-type":"","overlay-color":"","overlay-opacity":"","overlay-gradient":""}},"footnotes":""},"class_list":["post-5117","page","type-page","status-publish","hentry"],"yoast_head":"<!-- This site is optimized with the Yoast SEO plugin v24.5 - https:\/\/yoast.com\/wordpress\/plugins\/seo\/ -->\n<title>Uk\u00e1zat m\u016fj - Jonsdorfer Gebirgsverein 1880 e.V.<\/title>\n<meta name=\"robots\" content=\"index, follow, max-snippet:-1, max-image-preview:large, max-video-preview:-1\" \/>\n<link rel=\"canonical\" href=\"https:\/\/gebirgsverein1880ev.de\/cs\/ukazat-muj\/\" \/>\n<meta property=\"og:locale\" content=\"cs_CZ\" \/>\n<meta property=\"og:type\" content=\"article\" \/>\n<meta property=\"og:title\" content=\"Uk\u00e1zat m\u016fj - Jonsdorfer Gebirgsverein 1880 e.V.\" \/>\n<meta property=\"og:description\" content=\"Uk\u00e1zat m\u016fj Uk\u00e1zat m\u016fj V\u00fdstavn\u00ed d\u016fl se nach\u00e1z\u00ed v oblasti jonsdorfsk\u00fdch ml\u00fdnsk\u00fdch kamen\u016f v \u017ditavsk\u00fdch hor\u00e1ch, d\u0159\u00edve zn\u00e1m\u00fdch jako Lu\u017eick\u00fd h\u0159bet. Jedn\u00e1 se o n\u011bmeckou \u010d\u00e1st Lu\u017eick\u00fdch hor t\u00e1hnouc\u00ed se pod\u00e9l sasko-\u010desk\u00e9 hranice na krajn\u00edm jihov\u00fdchod\u011b Saska. M\u00e1 maxim\u00e1ln\u00ed v\u00fd\u0161ku 792,6 m n. m. (Lu\u017e), je sou\u010d\u00e1st\u00ed Sudetsk\u00e9ho h\u0159ebene a je nejmen\u0161\u00edm (a nejkr\u00e1sn\u011bj\u0161\u00edm) poho\u0159\u00edm [&hellip;]\" \/>\n<meta property=\"og:url\" content=\"https:\/\/gebirgsverein1880ev.de\/cs\/ukazat-muj\/\" \/>\n<meta property=\"og:site_name\" content=\"Jonsdorfer Gebirgsverein 1880 e.V.\" \/>\n<meta property=\"article:publisher\" content=\"https:\/\/www.facebook.com\/muehlsteinbrecher\/\" \/>\n<meta property=\"article:modified_time\" content=\"2025-01-26T09:43:56+00:00\" \/>\n<meta property=\"og:image\" content=\"https:\/\/gebirgsverein1880ev.de\/wp-content\/uploads\/gebiet-muehlsteinbrueche-jonsdorf-landkarte-cut.jpg\" \/>\n\t<meta property=\"og:image:width\" content=\"950\" \/>\n\t<meta property=\"og:image:height\" content=\"912\" \/>\n\t<meta property=\"og:image:type\" content=\"image\/jpeg\" \/>\n<meta name=\"twitter:card\" content=\"summary_large_image\" \/>\n<meta name=\"twitter:label1\" content=\"Odhadovan\u00e1 doba \u010dten\u00ed\" \/>\n\t<meta name=\"twitter:data1\" content=\"6 minut\" \/>\n<script type=\"application\/ld+json\" class=\"yoast-schema-graph\">{\"@context\":\"https:\/\/schema.org\",\"@graph\":[{\"@type\":\"WebPage\",\"@id\":\"https:\/\/gebirgsverein1880ev.de\/cs\/ukazat-muj\/\",\"url\":\"https:\/\/gebirgsverein1880ev.de\/cs\/ukazat-muj\/\",\"name\":\"Uk\u00e1zat m\u016fj - Jonsdorfer Gebirgsverein 1880 e.V.\",\"isPartOf\":{\"@id\":\"https:\/\/gebirgsverein1880ev.de\/cs\/#website\"},\"primaryImageOfPage\":{\"@id\":\"https:\/\/gebirgsverein1880ev.de\/cs\/ukazat-muj\/#primaryimage\"},\"image\":{\"@id\":\"https:\/\/gebirgsverein1880ev.de\/cs\/ukazat-muj\/#primaryimage\"},\"thumbnailUrl\":\"https:\/\/gebirgsverein1880ev.de\/wp-content\/uploads\/gebiet-muehlsteinbrueche-jonsdorf-landkarte-cut.jpg\",\"datePublished\":\"2025-01-23T09:57:13+00:00\",\"dateModified\":\"2025-01-26T09:43:56+00:00\",\"breadcrumb\":{\"@id\":\"https:\/\/gebirgsverein1880ev.de\/cs\/ukazat-muj\/#breadcrumb\"},\"inLanguage\":\"cs\",\"potentialAction\":[{\"@type\":\"ReadAction\",\"target\":[\"https:\/\/gebirgsverein1880ev.de\/cs\/ukazat-muj\/\"]}]},{\"@type\":\"ImageObject\",\"inLanguage\":\"cs\",\"@id\":\"https:\/\/gebirgsverein1880ev.de\/cs\/ukazat-muj\/#primaryimage\",\"url\":\"https:\/\/gebirgsverein1880ev.de\/wp-content\/uploads\/gebiet-muehlsteinbrueche-jonsdorf-landkarte-cut.jpg\",\"contentUrl\":\"https:\/\/gebirgsverein1880ev.de\/wp-content\/uploads\/gebiet-muehlsteinbrueche-jonsdorf-landkarte-cut.jpg\"},{\"@type\":\"BreadcrumbList\",\"@id\":\"https:\/\/gebirgsverein1880ev.de\/cs\/ukazat-muj\/#breadcrumb\",\"itemListElement\":[{\"@type\":\"ListItem\",\"position\":1,\"name\":\"Startseite\",\"item\":\"https:\/\/gebirgsverein1880ev.de\/cs\/\"},{\"@type\":\"ListItem\",\"position\":2,\"name\":\"Uk\u00e1zat m\u016fj\"}]},{\"@type\":\"WebSite\",\"@id\":\"https:\/\/gebirgsverein1880ev.de\/cs\/#website\",\"url\":\"https:\/\/gebirgsverein1880ev.de\/cs\/\",\"name\":\"Jonsdorfer Gebirgsverein 1880 e.V.\",\"description\":\"\",\"publisher\":{\"@id\":\"https:\/\/gebirgsverein1880ev.de\/cs\/#organization\"},\"potentialAction\":[{\"@type\":\"SearchAction\",\"target\":{\"@type\":\"EntryPoint\",\"urlTemplate\":\"https:\/\/gebirgsverein1880ev.de\/cs\/?s={search_term_string}\"},\"query-input\":{\"@type\":\"PropertyValueSpecification\",\"valueRequired\":true,\"valueName\":\"search_term_string\"}}],\"inLanguage\":\"cs\"},{\"@type\":\"Organization\",\"@id\":\"https:\/\/gebirgsverein1880ev.de\/cs\/#organization\",\"name\":\"Jonsdorfer Gebirgsverein 1880 e.V.\",\"url\":\"https:\/\/gebirgsverein1880ev.de\/cs\/\",\"logo\":{\"@type\":\"ImageObject\",\"inLanguage\":\"cs\",\"@id\":\"https:\/\/gebirgsverein1880ev.de\/cs\/#\/schema\/logo\/image\/\",\"url\":\"https:\/\/gebirgsverein1880ev.de\/wp-content\/uploads\/logo_gebirgsverein.png\",\"contentUrl\":\"https:\/\/gebirgsverein1880ev.de\/wp-content\/uploads\/logo_gebirgsverein.png\",\"width\":283,\"height\":184,\"caption\":\"Jonsdorfer Gebirgsverein 1880 e.V.\"},\"image\":{\"@id\":\"https:\/\/gebirgsverein1880ev.de\/cs\/#\/schema\/logo\/image\/\"},\"sameAs\":[\"https:\/\/www.facebook.com\/muehlsteinbrecher\/\"]}]}<\/script>\n<!-- \/ Yoast SEO plugin. -->","yoast_head_json":{"title":"Uk\u00e1zat m\u016fj - Jonsdorfer Gebirgsverein 1880 e.V.","robots":{"index":"index","follow":"follow","max-snippet":"max-snippet:-1","max-image-preview":"max-image-preview:large","max-video-preview":"max-video-preview:-1"},"canonical":"https:\/\/gebirgsverein1880ev.de\/cs\/ukazat-muj\/","og_locale":"cs_CZ","og_type":"article","og_title":"Uk\u00e1zat m\u016fj - Jonsdorfer Gebirgsverein 1880 e.V.","og_description":"Uk\u00e1zat m\u016fj Uk\u00e1zat m\u016fj V\u00fdstavn\u00ed d\u016fl se nach\u00e1z\u00ed v oblasti jonsdorfsk\u00fdch ml\u00fdnsk\u00fdch kamen\u016f v \u017ditavsk\u00fdch hor\u00e1ch, d\u0159\u00edve zn\u00e1m\u00fdch jako Lu\u017eick\u00fd h\u0159bet. Jedn\u00e1 se o n\u011bmeckou \u010d\u00e1st Lu\u017eick\u00fdch hor t\u00e1hnouc\u00ed se pod\u00e9l sasko-\u010desk\u00e9 hranice na krajn\u00edm jihov\u00fdchod\u011b Saska. M\u00e1 maxim\u00e1ln\u00ed v\u00fd\u0161ku 792,6 m n. m. (Lu\u017e), je sou\u010d\u00e1st\u00ed Sudetsk\u00e9ho h\u0159ebene a je nejmen\u0161\u00edm (a nejkr\u00e1sn\u011bj\u0161\u00edm) poho\u0159\u00edm [&hellip;]","og_url":"https:\/\/gebirgsverein1880ev.de\/cs\/ukazat-muj\/","og_site_name":"Jonsdorfer Gebirgsverein 1880 e.V.","article_publisher":"https:\/\/www.facebook.com\/muehlsteinbrecher\/","article_modified_time":"2025-01-26T09:43:56+00:00","og_image":[{"width":950,"height":912,"url":"https:\/\/gebirgsverein1880ev.de\/wp-content\/uploads\/gebiet-muehlsteinbrueche-jonsdorf-landkarte-cut.jpg","type":"image\/jpeg"}],"twitter_card":"summary_large_image","twitter_misc":{"Odhadovan\u00e1 doba \u010dten\u00ed":"6 minut"},"schema":{"@context":"https:\/\/schema.org","@graph":[{"@type":"WebPage","@id":"https:\/\/gebirgsverein1880ev.de\/cs\/ukazat-muj\/","url":"https:\/\/gebirgsverein1880ev.de\/cs\/ukazat-muj\/","name":"Uk\u00e1zat m\u016fj - Jonsdorfer Gebirgsverein 1880 e.V.","isPartOf":{"@id":"https:\/\/gebirgsverein1880ev.de\/cs\/#website"},"primaryImageOfPage":{"@id":"https:\/\/gebirgsverein1880ev.de\/cs\/ukazat-muj\/#primaryimage"},"image":{"@id":"https:\/\/gebirgsverein1880ev.de\/cs\/ukazat-muj\/#primaryimage"},"thumbnailUrl":"https:\/\/gebirgsverein1880ev.de\/wp-content\/uploads\/gebiet-muehlsteinbrueche-jonsdorf-landkarte-cut.jpg","datePublished":"2025-01-23T09:57:13+00:00","dateModified":"2025-01-26T09:43:56+00:00","breadcrumb":{"@id":"https:\/\/gebirgsverein1880ev.de\/cs\/ukazat-muj\/#breadcrumb"},"inLanguage":"cs","potentialAction":[{"@type":"ReadAction","target":["https:\/\/gebirgsverein1880ev.de\/cs\/ukazat-muj\/"]}]},{"@type":"ImageObject","inLanguage":"cs","@id":"https:\/\/gebirgsverein1880ev.de\/cs\/ukazat-muj\/#primaryimage","url":"https:\/\/gebirgsverein1880ev.de\/wp-content\/uploads\/gebiet-muehlsteinbrueche-jonsdorf-landkarte-cut.jpg","contentUrl":"https:\/\/gebirgsverein1880ev.de\/wp-content\/uploads\/gebiet-muehlsteinbrueche-jonsdorf-landkarte-cut.jpg"},{"@type":"BreadcrumbList","@id":"https:\/\/gebirgsverein1880ev.de\/cs\/ukazat-muj\/#breadcrumb","itemListElement":[{"@type":"ListItem","position":1,"name":"Startseite","item":"https:\/\/gebirgsverein1880ev.de\/cs\/"},{"@type":"ListItem","position":2,"name":"Uk\u00e1zat m\u016fj"}]},{"@type":"WebSite","@id":"https:\/\/gebirgsverein1880ev.de\/cs\/#website","url":"https:\/\/gebirgsverein1880ev.de\/cs\/","name":"Jonsdorfer Gebirgsverein 1880 e.V.","description":"","publisher":{"@id":"https:\/\/gebirgsverein1880ev.de\/cs\/#organization"},"potentialAction":[{"@type":"SearchAction","target":{"@type":"EntryPoint","urlTemplate":"https:\/\/gebirgsverein1880ev.de\/cs\/?s={search_term_string}"},"query-input":{"@type":"PropertyValueSpecification","valueRequired":true,"valueName":"search_term_string"}}],"inLanguage":"cs"},{"@type":"Organization","@id":"https:\/\/gebirgsverein1880ev.de\/cs\/#organization","name":"Jonsdorfer Gebirgsverein 1880 e.V.","url":"https:\/\/gebirgsverein1880ev.de\/cs\/","logo":{"@type":"ImageObject","inLanguage":"cs","@id":"https:\/\/gebirgsverein1880ev.de\/cs\/#\/schema\/logo\/image\/","url":"https:\/\/gebirgsverein1880ev.de\/wp-content\/uploads\/logo_gebirgsverein.png","contentUrl":"https:\/\/gebirgsverein1880ev.de\/wp-content\/uploads\/logo_gebirgsverein.png","width":283,"height":184,"caption":"Jonsdorfer Gebirgsverein 1880 e.V."},"image":{"@id":"https:\/\/gebirgsverein1880ev.de\/cs\/#\/schema\/logo\/image\/"},"sameAs":["https:\/\/www.facebook.com\/muehlsteinbrecher\/"]}]}},"_links":{"self":[{"href":"https:\/\/gebirgsverein1880ev.de\/cs\/wp-json\/wp\/v2\/pages\/5117","targetHints":{"allow":["GET"]}}],"collection":[{"href":"https:\/\/gebirgsverein1880ev.de\/cs\/wp-json\/wp\/v2\/pages"}],"about":[{"href":"https:\/\/gebirgsverein1880ev.de\/cs\/wp-json\/wp\/v2\/types\/page"}],"author":[{"embeddable":true,"href":"https:\/\/gebirgsverein1880ev.de\/cs\/wp-json\/wp\/v2\/users\/1"}],"replies":[{"embeddable":true,"href":"https:\/\/gebirgsverein1880ev.de\/cs\/wp-json\/wp\/v2\/comments?post=5117"}],"version-history":[{"count":7,"href":"https:\/\/gebirgsverein1880ev.de\/cs\/wp-json\/wp\/v2\/pages\/5117\/revisions"}],"predecessor-version":[{"id":5186,"href":"https:\/\/gebirgsverein1880ev.de\/cs\/wp-json\/wp\/v2\/pages\/5117\/revisions\/5186"}],"wp:attachment":[{"href":"https:\/\/gebirgsverein1880ev.de\/cs\/wp-json\/wp\/v2\/media?parent=5117"}],"curies":[{"name":"wp","href":"https:\/\/api.w.org\/{rel}","templated":true}]}}